{"id":1207,"date":"2023-06-28T09:42:14","date_gmt":"2023-06-28T07:42:14","guid":{"rendered":"https:\/\/apdeyna.pl\/?page_id=1207"},"modified":"2025-07-29T10:55:36","modified_gmt":"2025-07-29T08:55:36","slug":"praga-poludnie-2015-harmonogram","status":"publish","type":"page","link":"https:\/\/apdeyna.pl\/en\/lokalizacje\/praga-poludnie-2015\/praga-poludnie-2015-harmonogram\/","title":{"rendered":"Praga-Po\u0142udnie-2015 &#8211; Harmonogram"},"content":{"rendered":"<div data-elementor-type=\"wp-page\" data-elementor-id=\"1207\" class=\"elementor elementor-1207\" data-elementor-post-type=\"page\">\n\t\t\t\t\t\t<section class=\"elementor-section elementor-top-section elementor-element elementor-element-0e6e3cb elementor-section-boxed elementor-section-height-default elementor-section-height-default\" data-id=\"0e6e3cb\" data-element_type=\"section\">\n\t\t\t\t\t\t<div class=\"elementor-container elementor-column-gap-default\">\n\t\t\t\t\t<div class=\"elementor-column elementor-col-100 elementor-top-column elementor-element elementor-element-4aade56\" data-id=\"4aade56\" data-element_type=\"column\">\n\t\t\t<div class=\"elementor-widget-wrap elementor-element-populated\">\n\t\t\t\t\t\t<div class=\"elementor-element elementor-element-4d144e1 elementor-widget elementor-widget-heading\" data-id=\"4d144e1\" data-element_type=\"widget\" data-widget_type=\"heading.default\">\n\t\t\t\t<div class=\"elementor-widget-container\">\n\t\t\t\t\t<h2 class=\"elementor-heading-title elementor-size-default\">Rocznik 2015<\/h2>\t\t\t\t<\/div>\n\t\t\t\t<\/div>\n\t\t\t\t\t<\/div>\n\t\t<\/div>\n\t\t\t\t\t<\/div>\n\t\t<\/section>\n\t\t\t\t<section class=\"elementor-section elementor-top-section elementor-element elementor-element-01150a8 elementor-section-boxed elementor-section-height-default elementor-section-height-default\" data-id=\"01150a8\" data-element_type=\"section\">\n\t\t\t\t\t\t<div class=\"elementor-container elementor-column-gap-default\">\n\t\t\t\t\t<div class=\"elementor-column elementor-col-100 elementor-top-column elementor-element elementor-element-49a7ca0\" data-id=\"49a7ca0\" data-element_type=\"column\">\n\t\t\t<div class=\"elementor-widget-wrap elementor-element-populated\">\n\t\t\t\t\t\t<div class=\"elementor-element elementor-element-f246b47 elementor-widget elementor-widget-text-editor\" data-id=\"f246b47\" data-element_type=\"widget\" data-widget_type=\"text-editor.default\">\n\t\t\t\t<div class=\"elementor-widget-container\">\n\t\t\t\t\t\t\t\t\t<section style=\"flex-basis: var(--flex-basis); flex-grow: var(--flex-grow); flex-shrink: var(--flex-shrink); order: var(--order); align-self: var(--align-self); --swiper-theme-color: #000; --swiper-navigation-size: 44px; --swiper-pagination-bullet-size: 6px; --swiper-pagination-bullet-horizontal-gap: 6px; --widgets-spacing: 20px; font-family: Dosis, sans-serif; background-color: #1e1e1e;\" data-id=\"b4198b8\" data-element_type=\"section\">\n<div>\n<div style=\"flex-basis: var(--flex-basis); flex-grow: var(--flex-grow); flex-shrink: var(--flex-shrink); order: var(--order); align-self: var(--align-self); --swiper-theme-color: #000; --swiper-navigation-size: 44px; --swiper-pagination-bullet-size: 6px; --swiper-pagination-bullet-horizontal-gap: 6px; --widgets-spacing: 20px; width: 1100px;\" data-id=\"954c612\" data-element_type=\"column\" data-settings=\"{&quot;background_background&quot;:&quot;classic&quot;}\">\n<div style=\"width: 1100px; transition: background 0.3s ease 0s, border 0.3s ease 0s, border-radius 0.3s ease 0s, box-shadow 0.3s ease 0s; background-color: var( --e-global-color-3088805 );\">\n<div style=\"flex-basis: var(--flex-basis); flex-grow: var(--flex-grow); flex-shrink: var(--flex-shrink); order: var(--order); align-self: var(--align-self); flex-direction: var(--flex-direction); flex-wrap: var(--flex-wrap); justify-content: var(--justify-content); align-items: var(--align-items); align-content: var(--align-content); gap: var(--gap); --swiper-theme-color: #000; --swiper-navigation-size: 44px; --swiper-pagination-bullet-size: 6px; --swiper-pagination-bullet-horizontal-gap: 6px; --widgets-spacing: 20px; font-family: var( --e-global-typography-text-font-family ), Sans-serif; font-weight: var( --e-global-typography-text-font-weight ); width: 1080px;\" data-id=\"d22e73c\" data-element_type=\"widget\" data-widget_type=\"text-editor.default\">\n<div style=\"transition: background .3s,border .3s,border-radius .3s,box-shadow .3s,transform var(--e-transform-transition-duration,.4s);\">\n<p style=\"font-family: var( --e-global-typography-text-font-family ), Sans-serif; font-weight: var( --e-global-typography-text-font-weight ); background-image: initial; background-position: initial; background-size: initial; background-repeat: initial; background-attachment: initial; background-origin: initial; background-clip: initial; line-height: normal;\"><span style=\"background-color: var( --e-global-color-3088805 ); font-family: Arial, sans-serif; font-size: 14pt; font-weight: bolder;\">Harmonogram zaj\u0119\u0107<\/span><\/p>\n<div style=\"font-family: var( --e-global-typography-text-font-family ), Sans-serif; font-weight: var( --e-global-typography-text-font-weight );\">\n<p style=\"background-image: initial; background-position: initial; background-size: initial; background-repeat: initial; background-attachment: initial; background-origin: initial; background-clip: initial; line-height: normal;\"><span style=\"font-size: 12pt; font-family: Arial, sans-serif;\">(lokalizacja: Praga-Po\u0142udnie)&nbsp;<\/span><\/p>\n<p style=\"margin-top: 0cm; background-image: initial; background-position: initial; background-size: initial; background-repeat: initial; background-attachment: initial; background-origin: initial; background-clip: initial;\"><span style=\"font-weight: bolder;\"><span style=\"font-size: 14pt; font-family: Arial, sans-serif;\">&nbsp;<\/span><\/span><span style=\"font-family: Arial, sans-serif; font-weight: 700; background-color: var( --e-global-color-3088805 ); font-size: 1rem;\">Od 4 listopada do 30 marca:<\/span><\/p>\n<ul style=\"font-size: 16px; background-color: #ffffff;\">\n<li style=\"font-size: 16px;\">poniedzia\u0142ek \u2013 18:30-20:00 boisko ul. Osowska 81<\/li>\n<li style=\"font-size: 16px;\">\u015broda \u2013 18:30-20:00 boisko ul. Osowska 81<\/li>\n<li style=\"font-size: 16px;\">pi\u0105tek \u2013 18:30-20:00 hala sportowa ul. Frontowa 2<\/li>\n<\/ul>\n<\/div>\n<div>&nbsp;<\/div>\n<\/div>\n<\/div>\n<\/div>\n<\/div>\n<\/div>\n<\/section>\t\t\t\t\t\t\t\t<\/div>\n\t\t\t\t<\/div>\n\t\t\t\t\t<\/div>\n\t\t<\/div>\n\t\t\t\t\t<\/div>\n\t\t<\/section>\n\t\t\t\t<section class=\"elementor-section elementor-top-section elementor-element elementor-element-f440950 elementor-section-boxed elementor-section-height-default elementor-section-height-default\" data-id=\"f440950\" data-element_type=\"section\">\n\t\t\t\t\t\t<div class=\"elementor-container elementor-column-gap-default\">\n\t\t\t\t\t<div class=\"elementor-column elementor-col-100 elementor-top-column elementor-element elementor-element-bb6ae37\" data-id=\"bb6ae37\" data-element_type=\"column\">\n\t\t\t<div class=\"elementor-widget-wrap elementor-element-populated\">\n\t\t\t\t\t\t<div class=\"elementor-element elementor-element-7a5b5d3 elementor-widget elementor-widget-text-editor\" data-id=\"7a5b5d3\" data-element_type=\"widget\" data-widget_type=\"text-editor.default\">\n\t\t\t\t<div class=\"elementor-widget-container\">\n\t\t\t\t\t\t\t\t\t<p><strong>Kadra Trenerska:<\/strong><\/p><ul style=\"font-size: 16px; background-color: #ffffff;\"><li style=\"font-size: 16px;\"><span style=\"background-color: transparent; font-family: var( --e-global-typography-text-font-family ), Sans-serif; font-weight: var( --e-global-typography-text-font-weight );\">Trener: Micha\u0142 \u015alubowski<\/span><\/li><\/ul><p><span style=\"background-color: transparent; font-family: var( --e-global-typography-text-font-family ), Sans-serif; font-weight: var( --e-global-typography-text-font-weight );\">\u00a0 \u00a0 \u00a0 \u00a0 \u00a0 \u00a0kontakt e-mail: michal@apdeyna.pl<\/span><\/p><p><span style=\"background-color: transparent; font-family: var( --e-global-typography-text-font-family ), Sans-serif; font-weight: var( --e-global-typography-text-font-weight );\">\u00a0<\/span><\/p><div>\u00a0<\/div><div>\u00a0<\/div>\t\t\t\t\t\t\t\t<\/div>\n\t\t\t\t<\/div>\n\t\t\t\t<div class=\"elementor-element elementor-element-204ae7f elementor-grid-4 elementor-grid-tablet-2 elementor-grid-mobile-1 elementor-posts--thumbnail-top elementor-widget elementor-widget-posts\" data-id=\"204ae7f\" data-element_type=\"widget\" data-settings=\"{&quot;classic_columns&quot;:&quot;4&quot;,&quot;classic_columns_tablet&quot;:&quot;2&quot;,&quot;classic_columns_mobile&quot;:&quot;1&quot;,&quot;classic_row_gap&quot;:{&quot;unit&quot;:&quot;px&quot;,&quot;size&quot;:35,&quot;sizes&quot;:[]},&quot;classic_row_gap_tablet&quot;:{&quot;unit&quot;:&quot;px&quot;,&quot;size&quot;:&quot;&quot;,&quot;sizes&quot;:[]},&quot;classic_row_gap_mobile&quot;:{&quot;unit&quot;:&quot;px&quot;,&quot;size&quot;:&quot;&quot;,&quot;sizes&quot;:[]}}\" data-widget_type=\"posts.classic\">\n\t\t\t\t<div class=\"elementor-widget-container\">\n\t\t\t\t\t\t\t<div class=\"elementor-posts-container elementor-posts elementor-posts--skin-classic elementor-grid\">\n\t\t\t\t<article class=\"elementor-post elementor-grid-item post-1177 post type-post status-publish format-standard has-post-thumbnail hentry category-13 category-14 category-aktualnosci\">\n\t\t\t\t<a class=\"elementor-post__thumbnail__link\" href=\"https:\/\/apdeyna.pl\/en\/2023\/06\/27\/talentiada\/\" tabindex=\"-1\" >\n\t\t\t<div class=\"elementor-post__thumbnail\"><img decoding=\"async\" width=\"300\" height=\"134\" src=\"https:\/\/apdeyna.pl\/wp-content\/uploads\/2023\/06\/IMG_1119-300x134.jpg\" class=\"attachment-medium size-medium wp-image-1178\" alt=\"\" srcset=\"https:\/\/apdeyna.pl\/wp-content\/uploads\/2023\/06\/IMG_1119-300x134.jpg 300w, https:\/\/apdeyna.pl\/wp-content\/uploads\/2023\/06\/IMG_1119-1024x459.jpg 1024w, https:\/\/apdeyna.pl\/wp-content\/uploads\/2023\/06\/IMG_1119-768x344.jpg 768w, https:\/\/apdeyna.pl\/wp-content\/uploads\/2023\/06\/IMG_1119-1536x688.jpg 1536w, https:\/\/apdeyna.pl\/wp-content\/uploads\/2023\/06\/IMG_1119-2048x917.jpg 2048w, https:\/\/apdeyna.pl\/wp-content\/uploads\/2023\/06\/IMG_1119-18x8.jpg 18w\" sizes=\"(max-width: 300px) 100vw, 300px\" \/><\/div>\n\t\t<\/a>\n\t\t\t\t<div class=\"elementor-post__text\">\n\t\t\t\t<h3 class=\"elementor-post__title\">\n\t\t\t<a href=\"https:\/\/apdeyna.pl\/en\/2023\/06\/27\/talentiada\/\" >\n\t\t\t\tTalentiada\t\t\t<\/a>\n\t\t<\/h3>\n\t\t\t\t<div class=\"elementor-post__meta-data\">\n\t\t\t\t\t<span class=\"elementor-post-date\">\n\t\t\t27 June 2023\t\t<\/span>\n\t\t\t\t<\/div>\n\t\t\t\t<div class=\"elementor-post__excerpt\">\n\t\t\t<p>Zawodnicy rocznik\u00f3w 2015 i 2016 wzi\u0119li udzia\u0142 w Talentiadzie.<\/p>\n\t\t<\/div>\n\t\t\t\t<\/div>\n\t\t\t\t<\/article>\n\t\t\t\t<article class=\"elementor-post elementor-grid-item post-1006 post type-post status-publish format-standard has-post-thumbnail hentry category-13\">\n\t\t\t\t<a class=\"elementor-post__thumbnail__link\" href=\"https:\/\/apdeyna.pl\/en\/2023\/06\/23\/ii-miejsce-w-turnieju-na-ursynowie\/\" tabindex=\"-1\" >\n\t\t\t<div class=\"elementor-post__thumbnail\"><img fetchpriority=\"high\" decoding=\"async\" width=\"300\" height=\"300\" src=\"https:\/\/apdeyna.pl\/wp-content\/uploads\/2023\/06\/IMG_1107-300x300.jpg\" class=\"attachment-medium size-medium wp-image-1007\" alt=\"\" srcset=\"https:\/\/apdeyna.pl\/wp-content\/uploads\/2023\/06\/IMG_1107-300x300.jpg 300w, https:\/\/apdeyna.pl\/wp-content\/uploads\/2023\/06\/IMG_1107-1024x1024.jpg 1024w, https:\/\/apdeyna.pl\/wp-content\/uploads\/2023\/06\/IMG_1107-150x150.jpg 150w, https:\/\/apdeyna.pl\/wp-content\/uploads\/2023\/06\/IMG_1107-768x768.jpg 768w, https:\/\/apdeyna.pl\/wp-content\/uploads\/2023\/06\/IMG_1107-12x12.jpg 12w, https:\/\/apdeyna.pl\/wp-content\/uploads\/2023\/06\/IMG_1107.jpg 1440w\" sizes=\"(max-width: 300px) 100vw, 300px\" \/><\/div>\n\t\t<\/a>\n\t\t\t\t<div class=\"elementor-post__text\">\n\t\t\t\t<h3 class=\"elementor-post__title\">\n\t\t\t<a href=\"https:\/\/apdeyna.pl\/en\/2023\/06\/23\/ii-miejsce-w-turnieju-na-ursynowie\/\" >\n\t\t\t\tII miejsce w turnieju na Ursynowie\t\t\t<\/a>\n\t\t<\/h3>\n\t\t\t\t<div class=\"elementor-post__meta-data\">\n\t\t\t\t\t<span class=\"elementor-post-date\">\n\t\t\t23 June 2023\t\t<\/span>\n\t\t\t\t<\/div>\n\t\t\t\t<div class=\"elementor-post__excerpt\">\n\t\t\t\t\t<\/div>\n\t\t\t\t<\/div>\n\t\t\t\t<\/article>\n\t\t\t\t<article class=\"elementor-post elementor-grid-item post-981 post type-post status-publish format-standard has-post-thumbnail hentry category-13 category-aktualnosci\">\n\t\t\t\t<a class=\"elementor-post__thumbnail__link\" href=\"https:\/\/apdeyna.pl\/en\/2023\/06\/14\/deyna-talents-training\/\" tabindex=\"-1\" >\n\t\t\t<div class=\"elementor-post__thumbnail\"><img decoding=\"async\" width=\"179\" height=\"300\" src=\"https:\/\/apdeyna.pl\/wp-content\/uploads\/2023\/06\/zdjeciaAPD-179x300.jpg\" class=\"attachment-medium size-medium wp-image-982\" alt=\"\" srcset=\"https:\/\/apdeyna.pl\/wp-content\/uploads\/2023\/06\/zdjeciaAPD-179x300.jpg 179w, https:\/\/apdeyna.pl\/wp-content\/uploads\/2023\/06\/zdjeciaAPD-610x1024.jpg 610w, https:\/\/apdeyna.pl\/wp-content\/uploads\/2023\/06\/zdjeciaAPD-768x1289.jpg 768w, https:\/\/apdeyna.pl\/wp-content\/uploads\/2023\/06\/zdjeciaAPD-915x1536.jpg 915w, https:\/\/apdeyna.pl\/wp-content\/uploads\/2023\/06\/zdjeciaAPD-1220x2048.jpg 1220w, https:\/\/apdeyna.pl\/wp-content\/uploads\/2023\/06\/zdjeciaAPD-7x12.jpg 7w, https:\/\/apdeyna.pl\/wp-content\/uploads\/2023\/06\/zdjeciaAPD.jpg 1501w\" sizes=\"(max-width: 179px) 100vw, 179px\" \/><\/div>\n\t\t<\/a>\n\t\t\t\t<div class=\"elementor-post__text\">\n\t\t\t\t<h3 class=\"elementor-post__title\">\n\t\t\t<a href=\"https:\/\/apdeyna.pl\/en\/2023\/06\/14\/deyna-talents-training\/\" >\n\t\t\t\tDeyna Talent&#8217;s Training\t\t\t<\/a>\n\t\t<\/h3>\n\t\t\t\t<div class=\"elementor-post__meta-data\">\n\t\t\t\t\t<span class=\"elementor-post-date\">\n\t\t\t14 June 2023\t\t<\/span>\n\t\t\t\t<\/div>\n\t\t\t\t<div class=\"elementor-post__excerpt\">\n\t\t\t\t\t<\/div>\n\t\t\t\t<\/div>\n\t\t\t\t<\/article>\n\t\t\t\t<\/div>\n\t\t\n\t\t\t\t\t\t<\/div>\n\t\t\t\t<\/div>\n\t\t\t\t\t<\/div>\n\t\t<\/div>\n\t\t\t\t\t<\/div>\n\t\t<\/section>\n\t\t\t\t<\/div>","protected":false},"excerpt":{"rendered":"<p>Rocznik 2015 Harmonogram zaj\u0119\u0107 (lokalizacja: Praga-Po\u0142udnie)&nbsp; &nbsp;Od 4 listopada do 30 marca: poniedzia\u0142ek \u2013 18:30-20:00 boisko ul. Osowska 81 \u015broda \u2013 18:30-20:00 boisko ul. Osowska 81 pi\u0105tek \u2013 18:30-20:00 hala sportowa ul. Frontowa 2 &nbsp; Kadra Trenerska: Trener: Micha\u0142 \u015alubowski \u00a0 \u00a0 \u00a0 \u00a0 \u00a0 \u00a0kontakt e-mail: michal@apdeyna.pl \u00a0 \u00a0\u00a0<\/p>","protected":false},"author":1,"featured_media":0,"parent":183,"menu_order":5,"comment_status":"closed","ping_status":"closed","template":"elementor_theme","meta":{"footnotes":""},"class_list":["post-1207","page","type-page","status-publish","hentry"],"yoast_head":"<!-- This site is optimized with the Yoast SEO plugin v27.5 - https:\/\/yoast.com\/product\/yoast-seo-wordpress\/ -->\n<title>Praga-Po\u0142udnie-2015 - Harmonogram - AP Deyna<\/title>\n<meta name=\"robots\" content=\"index, follow, max-snippet:-1, max-image-preview:large, max-video-preview:-1\" \/>\n<link rel=\"canonical\" href=\"https:\/\/apdeyna.pl\/en\/lokalizacje\/praga-poludnie-2015\/praga-poludnie-2015-harmonogram\/\" \/>\n<meta property=\"og:locale\" content=\"en_US\" \/>\n<meta property=\"og:type\" content=\"article\" \/>\n<meta property=\"og:title\" content=\"Praga-Po\u0142udnie-2015 - Harmonogram - AP Deyna\" \/>\n<meta property=\"og:description\" content=\"Rocznik 2015 Harmonogram zaj\u0119\u0107 (lokalizacja: Praga-Po\u0142udnie)&nbsp; &nbsp;Od 4 listopada do 30 marca: poniedzia\u0142ek \u2013 18:30-20:00 boisko ul. Osowska 81 \u015broda \u2013 18:30-20:00 boisko ul. Osowska 81 pi\u0105tek \u2013 18:30-20:00 hala sportowa ul. Frontowa 2 &nbsp; Kadra Trenerska: Trener: Micha\u0142 \u015alubowski \u00a0 \u00a0 \u00a0 \u00a0 \u00a0 \u00a0kontakt e-mail: michal@apdeyna.pl \u00a0 \u00a0\u00a0\" \/>\n<meta property=\"og:url\" content=\"https:\/\/apdeyna.pl\/en\/lokalizacje\/praga-poludnie-2015\/praga-poludnie-2015-harmonogram\/\" \/>\n<meta property=\"og:site_name\" content=\"AP Deyna\" \/>\n<meta property=\"article:publisher\" content=\"https:\/\/www.facebook.com\/apdeynapl\" \/>\n<meta property=\"article:modified_time\" content=\"2025-07-29T08:55:36+00:00\" \/>\n<meta name=\"twitter:card\" content=\"summary_large_image\" \/>\n<meta name=\"twitter:label1\" content=\"Est. reading time\" \/>\n\t<meta name=\"twitter:data1\" content=\"2 minutes\" \/>\n<script type=\"application\/ld+json\" class=\"yoast-schema-graph\">{\"@context\":\"https:\\\/\\\/schema.org\",\"@graph\":[{\"@type\":\"WebPage\",\"@id\":\"https:\\\/\\\/apdeyna.pl\\\/lokalizacje\\\/praga-poludnie-2015\\\/praga-poludnie-2015-harmonogram\\\/\",\"url\":\"https:\\\/\\\/apdeyna.pl\\\/lokalizacje\\\/praga-poludnie-2015\\\/praga-poludnie-2015-harmonogram\\\/\",\"name\":\"Praga-Po\u0142udnie-2015 - Harmonogram - AP Deyna\",\"isPartOf\":{\"@id\":\"https:\\\/\\\/apdeyna.pl\\\/#website\"},\"datePublished\":\"2023-06-28T07:42:14+00:00\",\"dateModified\":\"2025-07-29T08:55:36+00:00\",\"breadcrumb\":{\"@id\":\"https:\\\/\\\/apdeyna.pl\\\/lokalizacje\\\/praga-poludnie-2015\\\/praga-poludnie-2015-harmonogram\\\/#breadcrumb\"},\"inLanguage\":\"en-US\",\"potentialAction\":[{\"@type\":\"ReadAction\",\"target\":[\"https:\\\/\\\/apdeyna.pl\\\/lokalizacje\\\/praga-poludnie-2015\\\/praga-poludnie-2015-harmonogram\\\/\"]}]},{\"@type\":\"BreadcrumbList\",\"@id\":\"https:\\\/\\\/apdeyna.pl\\\/lokalizacje\\\/praga-poludnie-2015\\\/praga-poludnie-2015-harmonogram\\\/#breadcrumb\",\"itemListElement\":[{\"@type\":\"ListItem\",\"position\":1,\"name\":\"Strona g\u0142\u00f3wna\",\"item\":\"https:\\\/\\\/apdeyna.pl\\\/\"},{\"@type\":\"ListItem\",\"position\":2,\"name\":\"Lokalizacje\",\"item\":\"https:\\\/\\\/apdeyna.pl\\\/lokalizacje\\\/\"},{\"@type\":\"ListItem\",\"position\":3,\"name\":\"Praga-Po\u0142udnie-2015\",\"item\":\"https:\\\/\\\/apdeyna.pl\\\/lokalizacje\\\/praga-poludnie-2015\\\/\"},{\"@type\":\"ListItem\",\"position\":4,\"name\":\"Praga-Po\u0142udnie-2015 &#8211; Harmonogram\"}]},{\"@type\":\"WebSite\",\"@id\":\"https:\\\/\\\/apdeyna.pl\\\/#website\",\"url\":\"https:\\\/\\\/apdeyna.pl\\\/\",\"name\":\"AP Deyna\",\"description\":\"AKADEMIA PI\u0141KARSKA IM. KAZIMIERZA DEYNY\",\"publisher\":{\"@id\":\"https:\\\/\\\/apdeyna.pl\\\/#organization\"},\"potentialAction\":[{\"@type\":\"SearchAction\",\"target\":{\"@type\":\"EntryPoint\",\"urlTemplate\":\"https:\\\/\\\/apdeyna.pl\\\/?s={search_term_string}\"},\"query-input\":{\"@type\":\"PropertyValueSpecification\",\"valueRequired\":true,\"valueName\":\"search_term_string\"}}],\"inLanguage\":\"en-US\"},{\"@type\":\"Organization\",\"@id\":\"https:\\\/\\\/apdeyna.pl\\\/#organization\",\"name\":\"AP Deyna\",\"url\":\"https:\\\/\\\/apdeyna.pl\\\/\",\"logo\":{\"@type\":\"ImageObject\",\"inLanguage\":\"en-US\",\"@id\":\"https:\\\/\\\/apdeyna.pl\\\/#\\\/schema\\\/logo\\\/image\\\/\",\"url\":\"https:\\\/\\\/apdeyna.pl\\\/wp-content\\\/uploads\\\/2023\\\/06\\\/cropped-favicon_apdeyna.png\",\"contentUrl\":\"https:\\\/\\\/apdeyna.pl\\\/wp-content\\\/uploads\\\/2023\\\/06\\\/cropped-favicon_apdeyna.png\",\"width\":512,\"height\":512,\"caption\":\"AP Deyna\"},\"image\":{\"@id\":\"https:\\\/\\\/apdeyna.pl\\\/#\\\/schema\\\/logo\\\/image\\\/\"},\"sameAs\":[\"https:\\\/\\\/www.facebook.com\\\/apdeynapl\",\"https:\\\/\\\/www.youtube.com\\\/@APDeyna\"]}]}<\/script>\n<!-- \/ Yoast SEO plugin. -->","yoast_head_json":{"title":"Praga-Po\u0142udnie-2015 - Harmonogram - AP Deyna","robots":{"index":"index","follow":"follow","max-snippet":"max-snippet:-1","max-image-preview":"max-image-preview:large","max-video-preview":"max-video-preview:-1"},"canonical":"https:\/\/apdeyna.pl\/en\/lokalizacje\/praga-poludnie-2015\/praga-poludnie-2015-harmonogram\/","og_locale":"en_US","og_type":"article","og_title":"Praga-Po\u0142udnie-2015 - Harmonogram - AP Deyna","og_description":"Rocznik 2015 Harmonogram zaj\u0119\u0107 (lokalizacja: Praga-Po\u0142udnie)&nbsp; &nbsp;Od 4 listopada do 30 marca: poniedzia\u0142ek \u2013 18:30-20:00 boisko ul. Osowska 81 \u015broda \u2013 18:30-20:00 boisko ul. Osowska 81 pi\u0105tek \u2013 18:30-20:00 hala sportowa ul. Frontowa 2 &nbsp; Kadra Trenerska: Trener: Micha\u0142 \u015alubowski \u00a0 \u00a0 \u00a0 \u00a0 \u00a0 \u00a0kontakt e-mail: michal@apdeyna.pl \u00a0 \u00a0\u00a0","og_url":"https:\/\/apdeyna.pl\/en\/lokalizacje\/praga-poludnie-2015\/praga-poludnie-2015-harmonogram\/","og_site_name":"AP Deyna","article_publisher":"https:\/\/www.facebook.com\/apdeynapl","article_modified_time":"2025-07-29T08:55:36+00:00","twitter_card":"summary_large_image","twitter_misc":{"Est. reading time":"2 minutes"},"schema":{"@context":"https:\/\/schema.org","@graph":[{"@type":"WebPage","@id":"https:\/\/apdeyna.pl\/lokalizacje\/praga-poludnie-2015\/praga-poludnie-2015-harmonogram\/","url":"https:\/\/apdeyna.pl\/lokalizacje\/praga-poludnie-2015\/praga-poludnie-2015-harmonogram\/","name":"Praga-Po\u0142udnie-2015 - Harmonogram - AP Deyna","isPartOf":{"@id":"https:\/\/apdeyna.pl\/#website"},"datePublished":"2023-06-28T07:42:14+00:00","dateModified":"2025-07-29T08:55:36+00:00","breadcrumb":{"@id":"https:\/\/apdeyna.pl\/lokalizacje\/praga-poludnie-2015\/praga-poludnie-2015-harmonogram\/#breadcrumb"},"inLanguage":"en-US","potentialAction":[{"@type":"ReadAction","target":["https:\/\/apdeyna.pl\/lokalizacje\/praga-poludnie-2015\/praga-poludnie-2015-harmonogram\/"]}]},{"@type":"BreadcrumbList","@id":"https:\/\/apdeyna.pl\/lokalizacje\/praga-poludnie-2015\/praga-poludnie-2015-harmonogram\/#breadcrumb","itemListElement":[{"@type":"ListItem","position":1,"name":"Strona g\u0142\u00f3wna","item":"https:\/\/apdeyna.pl\/"},{"@type":"ListItem","position":2,"name":"Lokalizacje","item":"https:\/\/apdeyna.pl\/lokalizacje\/"},{"@type":"ListItem","position":3,"name":"Praga-Po\u0142udnie-2015","item":"https:\/\/apdeyna.pl\/lokalizacje\/praga-poludnie-2015\/"},{"@type":"ListItem","position":4,"name":"Praga-Po\u0142udnie-2015 &#8211; Harmonogram"}]},{"@type":"WebSite","@id":"https:\/\/apdeyna.pl\/#website","url":"https:\/\/apdeyna.pl\/","name":"AP Deyna","description":"AKADEMIA PI\u0141KARSKA IM. KAZIMIERZA DEYNY","publisher":{"@id":"https:\/\/apdeyna.pl\/#organization"},"potentialAction":[{"@type":"SearchAction","target":{"@type":"EntryPoint","urlTemplate":"https:\/\/apdeyna.pl\/?s={search_term_string}"},"query-input":{"@type":"PropertyValueSpecification","valueRequired":true,"valueName":"search_term_string"}}],"inLanguage":"en-US"},{"@type":"Organization","@id":"https:\/\/apdeyna.pl\/#organization","name":"AP Deyna","url":"https:\/\/apdeyna.pl\/","logo":{"@type":"ImageObject","inLanguage":"en-US","@id":"https:\/\/apdeyna.pl\/#\/schema\/logo\/image\/","url":"https:\/\/apdeyna.pl\/wp-content\/uploads\/2023\/06\/cropped-favicon_apdeyna.png","contentUrl":"https:\/\/apdeyna.pl\/wp-content\/uploads\/2023\/06\/cropped-favicon_apdeyna.png","width":512,"height":512,"caption":"AP Deyna"},"image":{"@id":"https:\/\/apdeyna.pl\/#\/schema\/logo\/image\/"},"sameAs":["https:\/\/www.facebook.com\/apdeynapl","https:\/\/www.youtube.com\/@APDeyna"]}]}},"_links":{"self":[{"href":"https:\/\/apdeyna.pl\/en\/wp-json\/wp\/v2\/pages\/1207","targetHints":{"allow":["GET"]}}],"collection":[{"href":"https:\/\/apdeyna.pl\/en\/wp-json\/wp\/v2\/pages"}],"about":[{"href":"https:\/\/apdeyna.pl\/en\/wp-json\/wp\/v2\/types\/page"}],"author":[{"embeddable":true,"href":"https:\/\/apdeyna.pl\/en\/wp-json\/wp\/v2\/users\/1"}],"replies":[{"embeddable":true,"href":"https:\/\/apdeyna.pl\/en\/wp-json\/wp\/v2\/comments?post=1207"}],"version-history":[{"count":29,"href":"https:\/\/apdeyna.pl\/en\/wp-json\/wp\/v2\/pages\/1207\/revisions"}],"predecessor-version":[{"id":2016,"href":"https:\/\/apdeyna.pl\/en\/wp-json\/wp\/v2\/pages\/1207\/revisions\/2016"}],"up":[{"embeddable":true,"href":"https:\/\/apdeyna.pl\/en\/wp-json\/wp\/v2\/pages\/183"}],"wp:attachment":[{"href":"https:\/\/apdeyna.pl\/en\/wp-json\/wp\/v2\/media?parent=1207"}],"curies":[{"name":"wp","href":"https:\/\/api.w.org\/{rel}","templated":true}]}}