{"id":1689,"date":"2023-09-17T21:32:13","date_gmt":"2023-09-17T19:32:13","guid":{"rendered":"https:\/\/apdeyna.pl\/?page_id=1689"},"modified":"2025-10-06T11:01:45","modified_gmt":"2025-10-06T09:01:45","slug":"treningi-bramkarskie","status":"publish","type":"page","link":"https:\/\/apdeyna.pl\/en\/lokalizacje\/treningi-bramkarskie\/","title":{"rendered":"Treningi bramkarskie"},"content":{"rendered":"<div data-elementor-type=\"wp-page\" data-elementor-id=\"1689\" class=\"elementor elementor-1689\" data-elementor-post-type=\"page\">\n\t\t\t\t\t\t<section class=\"elementor-section elementor-top-section elementor-element elementor-element-0e6e3cb elementor-section-boxed elementor-section-height-default elementor-section-height-default\" data-id=\"0e6e3cb\" data-element_type=\"section\">\n\t\t\t\t\t\t<div class=\"elementor-container elementor-column-gap-default\">\n\t\t\t\t\t<div class=\"elementor-column elementor-col-100 elementor-top-column elementor-element elementor-element-4aade56\" data-id=\"4aade56\" data-element_type=\"column\">\n\t\t\t<div class=\"elementor-widget-wrap elementor-element-populated\">\n\t\t\t\t\t\t<div class=\"elementor-element elementor-element-94ff26f new-text-max-width elementor-widget elementor-widget-text-editor\" data-id=\"94ff26f\" data-element_type=\"widget\" data-widget_type=\"text-editor.default\">\n\t\t\t\t<div class=\"elementor-widget-container\">\n\t\t\t\t\t\t\t\t\t<div><h2><strong><span style=\"color: #008000;\">Nabory na sezon 2025\/2026<\/span><\/strong><\/h2><p>Nasze treningi prowadz\u0105 <strong>licencjonowani trenerzy<\/strong> z do\u015bwiadczeniem w pracy z dzie\u0107mi. To pasjonaci pi\u0142ki no\u017cnej, kt\u00f3rzy potrafi\u0105 po\u0142\u0105czy\u0107 profesjonalizm ze \u015bwietn\u0105 atmosfer\u0105. Trenujemy na <a href=\"https:\/\/apdeyna.pl\/en\/lokalizacje\/\"><strong>nowoczesnych boiskach w kilku lokalizacjach<\/strong><\/a>. Zaj\u0119cia dostosowane s\u0105 do wieku i poziomu zaawansowania dzieci. Zapraszamy dzieci w wieku <strong>od 5 do 15 lat<\/strong>. Grupy tworzymy wed\u0142ug wieku i poziomu umiej\u0119tno\u015bci, aby ka\u017cde dziecko mog\u0142o trenowa\u0107 w odpowiednim dla siebie tempie. Miesi\u0119czna sk\u0142adka wynosi <strong>300 z\u0142<\/strong>. Wpisowe dla nowych cz\u0142onk\u00f3w wynosi <strong>od 199 do 600 z\u0142<\/strong> (cena zale\u017cna od ilo\u015bci i typu stroju jakie otrzymuje dziecko). Ka\u017cde dziecko mo\u017ce wzi\u0105\u0107 udzia\u0142 w <strong>bezp\u0142atnym treningu pr\u00f3bnym<\/strong>, aby przekona\u0107 si\u0119, czy pi\u0142ka no\u017cna to jego pasja. Z darmowego treningu mo\u017cna skorzysta\u0107 od po\u0142owy sierpnia do ko\u0144ca wrze\u015bnia. Stawiamy na <strong>fair play, wsp\u00f3\u0142prac\u0119 i rado\u015b\u0107 z gry<\/strong>. Naszym celem jest nie tylko rozw\u00f3j sportowy, ale te\u017c budowanie pewno\u015bci siebie, przyja\u017ani i pasji do aktywno\u015bci fizycznej. Poza samymi treningami regularnie bierzemy udzia\u0142 w sparingach, turniejach i wydarzeniach pi\u0142karskich. Dzi\u0119ki temu dzieci ucz\u0105 si\u0119 wsp\u00f3\u0142pracy w dru\u017cynie i ciesz\u0105 si\u0119 prawdziw\u0105 pi\u0142karsk\u0105 rywalizacj\u0105. W trakcie wakacji letnich organizujemy r\u00f3wnie\u017c obozy.<\/p><p>Aby zapisa\u0107 dziecko nale\u017cy <a href=\"https:\/\/apdeyny.protrainup.com\/pl\/forms\/888?signature=cde1173bf3da318dd5b14c331728b8ed23711f19e0104a590e45de148990abf2\" target=\"_blank\" rel=\"noopener\"><strong>wype\u0142ni\u0107<\/strong> <strong>formularz<\/strong><\/a> oraz wype\u0142ni\u0107 deklaracj\u0119 cz\u0142onkowsk\u0105.<\/p><\/div>\t\t\t\t\t\t\t\t<\/div>\n\t\t\t\t<\/div>\n\t\t\t\t<div class=\"elementor-element elementor-element-4d144e1 elementor-widget elementor-widget-heading\" data-id=\"4d144e1\" data-element_type=\"widget\" data-widget_type=\"heading.default\">\n\t\t\t\t<div class=\"elementor-widget-container\">\n\t\t\t\t\t<h1 class=\"elementor-heading-title elementor-size-default\">Treningi Bramkarskie<\/h1>\t\t\t\t<\/div>\n\t\t\t\t<\/div>\n\t\t\t\t<div class=\"elementor-element elementor-element-a0044e8 elementor-widget elementor-widget-text-editor\" data-id=\"a0044e8\" data-element_type=\"widget\" data-widget_type=\"text-editor.default\">\n\t\t\t\t<div class=\"elementor-widget-container\">\n\t\t\t\t\t\t\t\t\t<p>Niezale\u017cnie od poziomu, trening bramkarski w Treningi Bramkarskie <strong>APDEYNA<\/strong> to klucz do sukcesu. Pod okiem do\u015bwiadczonych <strong><span style=\"color: #000000;\"><a style=\"color: #000000;\" href=\"https:\/\/apdeyna.pl\/en\/zapisy\/kadra-trenerska\/\">trener\u00f3w<\/a><\/span><\/strong> rozwiniesz swoje umiej\u0119tno\u015bci. Treningi bramkarskie w <strong>APDEYNA<\/strong> to gwarancja rozwoju, niezale\u017cnie od wieku. Zapewniamy kompleksowy trening, dostosowany do indywidualnych potrzeb. Sprawd\u017a, dlaczego warto do\u0142\u0105czy\u0107 do nas i wznie\u015b\u0107 si\u0119 na wy\u017cszy poziom!<\/p>\t\t\t\t\t\t\t\t<\/div>\n\t\t\t\t<\/div>\n\t\t\t\t\t<\/div>\n\t\t<\/div>\n\t\t\t\t\t<\/div>\n\t\t<\/section>\n\t\t\t\t<section class=\"elementor-section elementor-top-section elementor-element elementor-element-01150a8 elementor-section-boxed elementor-section-height-default elementor-section-height-default\" data-id=\"01150a8\" data-element_type=\"section\">\n\t\t\t\t\t\t<div class=\"elementor-container elementor-column-gap-default\">\n\t\t\t\t\t<div class=\"elementor-column elementor-col-100 elementor-top-column elementor-element elementor-element-49a7ca0\" data-id=\"49a7ca0\" data-element_type=\"column\">\n\t\t\t<div class=\"elementor-widget-wrap elementor-element-populated\">\n\t\t\t\t\t\t<div class=\"elementor-element elementor-element-06adc0d elementor-widget elementor-widget-toggle\" data-id=\"06adc0d\" data-element_type=\"widget\" data-widget_type=\"toggle.default\">\n\t\t\t\t<div class=\"elementor-widget-container\">\n\t\t\t\t\t\t\t<div class=\"elementor-toggle\">\n\t\t\t\t\t\t\t<div class=\"elementor-toggle-item\">\n\t\t\t\t\t<div id=\"elementor-tab-title-7001\" class=\"elementor-tab-title\" data-tab=\"1\" role=\"button\" aria-controls=\"elementor-tab-content-7001\" aria-expanded=\"false\">\n\t\t\t\t\t\t\t\t\t\t\t\t<span class=\"elementor-toggle-icon elementor-toggle-icon-left\" aria-hidden=\"true\">\n\t\t\t\t\t\t\t\t\t\t\t\t\t\t\t<span class=\"elementor-toggle-icon-closed\"><i class=\"fas fa-caret-right\"><\/i><\/span>\n\t\t\t\t\t\t\t\t<span class=\"elementor-toggle-icon-opened\"><i class=\"elementor-toggle-icon-opened fas fa-caret-up\"><\/i><\/span>\n\t\t\t\t\t\t\t\t\t\t\t\t\t<\/span>\n\t\t\t\t\t\t\t\t\t\t\t\t<a class=\"elementor-toggle-title\" tabindex=\"0\">Harmonogram Trening\u00f3w Bramkarskich<\/a>\n\t\t\t\t\t<\/div>\n\n\t\t\t\t\t<div id=\"elementor-tab-content-7001\" class=\"elementor-tab-content elementor-clearfix\" data-tab=\"1\" role=\"region\" aria-labelledby=\"elementor-tab-title-7001\"><p><strong>Harmonogram Sezon Letni<\/strong><\/p><p>Poniedzia\u0142ek: godz. 17:00-18:00, ul. Wa\u0142brzyska 5<\/p><p>Wtorek: godz. 18:00-19:00, ul. Bia\u0142owieska 22<\/p><p>Czwartek: godz. 19:30-20:30, ul. Zbaraska 3<\/p><p><strong>Kadra trenerska:<\/strong><\/p><p>Marek Plichta<\/p><p><a href=\"https:\/\/apdeyny.protrainup.com\/pl\/forms\/888?signature=cde1173bf3da318dd5b14c331728b8ed23711f19e0104a590e45de148990abf2\">Kliknij tutaj<\/a>, aby zapisa\u0107\u00a0dziecko na zaj\u0119cia.<\/p><p style=\"margin-right: 0px; margin-bottom: 1.41575em; margin-left: 0px; color: #7a7a7a; font-family: Dosis, sans-serif; font-size: 17px;\">\u00a0<\/p><\/div>\n\t\t\t\t<\/div>\n\t\t\t\t\t\t\t<div class=\"elementor-toggle-item\">\n\t\t\t\t\t<div id=\"elementor-tab-title-7002\" class=\"elementor-tab-title\" data-tab=\"2\" role=\"button\" aria-controls=\"elementor-tab-content-7002\" aria-expanded=\"false\">\n\t\t\t\t\t\t\t\t\t\t\t\t<span class=\"elementor-toggle-icon elementor-toggle-icon-left\" aria-hidden=\"true\">\n\t\t\t\t\t\t\t\t\t\t\t\t\t\t\t<span class=\"elementor-toggle-icon-closed\"><i class=\"fas fa-caret-right\"><\/i><\/span>\n\t\t\t\t\t\t\t\t<span class=\"elementor-toggle-icon-opened\"><i class=\"elementor-toggle-icon-opened fas fa-caret-up\"><\/i><\/span>\n\t\t\t\t\t\t\t\t\t\t\t\t\t<\/span>\n\t\t\t\t\t\t\t\t\t\t\t\t<a class=\"elementor-toggle-title\" tabindex=\"0\">Harmonogram Roczniki 2012-2015, dzieci trenuj\u0105cych pi\u0142k\u0119 no\u017cn\u0105 na Pradze Po\u0142udnie, ul. Osowska 81<\/a>\n\t\t\t\t\t<\/div>\n\n\t\t\t\t\t<div id=\"elementor-tab-content-7002\" class=\"elementor-tab-content elementor-clearfix\" data-tab=\"2\" role=\"region\" aria-labelledby=\"elementor-tab-title-7002\"><h3>BRG12 \u2013 Harmonogram Roczniki 2012-2015, dzieci trenuj\u0105cych pi\u0142k\u0119 no\u017cn\u0105 na Pradze Po\u0142udnie, ul. Osowska 81, Trener UEFA Piotr Domaniecki<\/h3><p><strong>Harmonogram Sezon Jesienny\u00a0(wrzesie\u0144, pa\u017adziernik)<\/strong><\/p><p>Pi\u0105tek: godz. 16:00-17:00, boisko przy MOS nr 7, ul. Osowska 81<\/p><\/div>\n\t\t\t\t<\/div>\n\t\t\t\t\t\t\t<div class=\"elementor-toggle-item\">\n\t\t\t\t\t<div id=\"elementor-tab-title-7003\" class=\"elementor-tab-title\" data-tab=\"3\" role=\"button\" aria-controls=\"elementor-tab-content-7003\" aria-expanded=\"false\">\n\t\t\t\t\t\t\t\t\t\t\t\t<span class=\"elementor-toggle-icon elementor-toggle-icon-left\" aria-hidden=\"true\">\n\t\t\t\t\t\t\t\t\t\t\t\t\t\t\t<span class=\"elementor-toggle-icon-closed\"><i class=\"fas fa-caret-right\"><\/i><\/span>\n\t\t\t\t\t\t\t\t<span class=\"elementor-toggle-icon-opened\"><i class=\"elementor-toggle-icon-opened fas fa-caret-up\"><\/i><\/span>\n\t\t\t\t\t\t\t\t\t\t\t\t\t<\/span>\n\t\t\t\t\t\t\t\t\t\t\t\t<a class=\"elementor-toggle-title\" tabindex=\"0\">Harmonogram Roczniki 2012-2015, dzieci trenuj\u0105cych pi\u0142k\u0119 no\u017cn\u0105 na W\u0142oszech, ul. Solipska 17\/19<\/a>\n\t\t\t\t\t<\/div>\n\n\t\t\t\t\t<div id=\"elementor-tab-content-7003\" class=\"elementor-tab-content elementor-clearfix\" data-tab=\"3\" role=\"region\" aria-labelledby=\"elementor-tab-title-7003\"><h3>BRW12 \u2013 Harmonogram Roczniki 2012-2015, dzieci trenuj\u0105cych pi\u0142k\u0119 no\u017cn\u0105 na W\u0142oszech, ul. Solipska 17\/19, Trener UEFA Piotr Domaniecki<\/h3><p><strong>Harmonogram Sezon Jesienny\u00a0(wrzesie\u0144, pa\u017adziernik)<\/strong><\/p><p>\u015aroda: godz. 16:00-17:00, boisko przy ul. Solipskiej 17\/19\u00a0<\/p><\/div>\n\t\t\t\t<\/div>\n\t\t\t\t\t\t\t<div class=\"elementor-toggle-item\">\n\t\t\t\t\t<div id=\"elementor-tab-title-7004\" class=\"elementor-tab-title\" data-tab=\"4\" role=\"button\" aria-controls=\"elementor-tab-content-7004\" aria-expanded=\"false\">\n\t\t\t\t\t\t\t\t\t\t\t\t<span class=\"elementor-toggle-icon elementor-toggle-icon-left\" aria-hidden=\"true\">\n\t\t\t\t\t\t\t\t\t\t\t\t\t\t\t<span class=\"elementor-toggle-icon-closed\"><i class=\"fas fa-caret-right\"><\/i><\/span>\n\t\t\t\t\t\t\t\t<span class=\"elementor-toggle-icon-opened\"><i class=\"elementor-toggle-icon-opened fas fa-caret-up\"><\/i><\/span>\n\t\t\t\t\t\t\t\t\t\t\t\t\t<\/span>\n\t\t\t\t\t\t\t\t\t\t\t\t<a class=\"elementor-toggle-title\" tabindex=\"0\">Harmonogram Roczniki 2012-2015, dzieci trenuj\u0105cych pi\u0142k\u0119 no\u017cn\u0105 na Mokotowie, ul. Wa\u0142brzyska 5<\/a>\n\t\t\t\t\t<\/div>\n\n\t\t\t\t\t<div id=\"elementor-tab-content-7004\" class=\"elementor-tab-content elementor-clearfix\" data-tab=\"4\" role=\"region\" aria-labelledby=\"elementor-tab-title-7004\"><h3>BRM12 \u2013 Harmonogram Roczniki 2012-2015, dzieci trenuj\u0105cych pi\u0142k\u0119 no\u017cn\u0105 na Mokotowie, ul. Wa\u0142brzyska 5, Trener UEFA Denys Makarow<\/h3><p><strong>Harmonogram Sezon Jesienny\u00a0(wrzesie\u0144, pa\u017adziernik)<\/strong><\/p><p>Poniedzia\u0142ek: godz. 16:30-17:30, boisko przy SP 46, ul. Wa\u0142brzyska 5<\/p><\/div>\n\t\t\t\t<\/div>\n\t\t\t\t\t\t\t\t<\/div>\n\t\t\t\t\t\t<\/div>\n\t\t\t\t<\/div>\n\t\t\t\t\t<\/div>\n\t\t<\/div>\n\t\t\t\t\t<\/div>\n\t\t<\/section>\n\t\t\t\t<\/div>","protected":false},"excerpt":{"rendered":"<p>Nabory na sezon 2025\/2026 Nasze treningi prowadz\u0105 licencjonowani trenerzy z do\u015bwiadczeniem w pracy z dzie\u0107mi. To pasjonaci pi\u0142ki no\u017cnej, kt\u00f3rzy potrafi\u0105 po\u0142\u0105czy\u0107 profesjonalizm ze \u015bwietn\u0105 atmosfer\u0105. Trenujemy na nowoczesnych boiskach w kilku lokalizacjach. Zaj\u0119cia dostosowane s\u0105 do wieku i poziomu zaawansowania dzieci. Zapraszamy dzieci w wieku od 5 do 15 lat. Grupy tworzymy wed\u0142ug wieku [&hellip;]<\/p>\n","protected":false},"author":1,"featured_media":0,"parent":72,"menu_order":5,"comment_status":"closed","ping_status":"closed","template":"elementor_theme","meta":{"footnotes":""},"class_list":["post-1689","page","type-page","status-publish","hentry"],"yoast_head":"<!-- This site is optimized with the Yoast SEO plugin v27.5 - https:\/\/yoast.com\/product\/yoast-seo-wordpress\/ -->\n<title>Treningi bramkarskie - AP Deyna<\/title>\n<meta name=\"description\" content=\"\u26bdProfesjonalne treningi bramkarskie w AP Deyna! Sprawd\u017a harmonogram zaj\u0119\u0107 na Pradze Po\u0142udnie, we W\u0142ochach i na Mokotowie.Czekamy na Ciebie! \u26bd\" \/>\n<meta name=\"robots\" content=\"index, follow, max-snippet:-1, max-image-preview:large, max-video-preview:-1\" \/>\n<link rel=\"canonical\" href=\"https:\/\/apdeyna.pl\/en\/lokalizacje\/treningi-bramkarskie\/\" \/>\n<meta property=\"og:locale\" content=\"en_US\" \/>\n<meta property=\"og:type\" content=\"article\" \/>\n<meta property=\"og:title\" content=\"Treningi bramkarskie - AP Deyna\" \/>\n<meta property=\"og:description\" content=\"\u26bdProfesjonalne treningi bramkarskie w AP Deyna! Sprawd\u017a harmonogram zaj\u0119\u0107 na Pradze Po\u0142udnie, we W\u0142ochach i na Mokotowie.Czekamy na Ciebie! \u26bd\" \/>\n<meta property=\"og:url\" content=\"https:\/\/apdeyna.pl\/en\/lokalizacje\/treningi-bramkarskie\/\" \/>\n<meta property=\"og:site_name\" content=\"AP Deyna\" \/>\n<meta property=\"article:publisher\" content=\"https:\/\/www.facebook.com\/apdeynapl\" \/>\n<meta property=\"article:modified_time\" content=\"2025-10-06T09:01:45+00:00\" \/>\n<meta name=\"twitter:card\" content=\"summary_large_image\" \/>\n<meta name=\"twitter:label1\" content=\"Est. reading time\" \/>\n\t<meta name=\"twitter:data1\" content=\"3 minutes\" \/>\n<script type=\"application\/ld+json\" class=\"yoast-schema-graph\">{\"@context\":\"https:\\\/\\\/schema.org\",\"@graph\":[{\"@type\":\"WebPage\",\"@id\":\"https:\\\/\\\/apdeyna.pl\\\/lokalizacje\\\/treningi-bramkarskie\\\/\",\"url\":\"https:\\\/\\\/apdeyna.pl\\\/lokalizacje\\\/treningi-bramkarskie\\\/\",\"name\":\"Treningi bramkarskie - AP Deyna\",\"isPartOf\":{\"@id\":\"https:\\\/\\\/apdeyna.pl\\\/#website\"},\"datePublished\":\"2023-09-17T19:32:13+00:00\",\"dateModified\":\"2025-10-06T09:01:45+00:00\",\"description\":\"\u26bdProfesjonalne treningi bramkarskie w AP Deyna! Sprawd\u017a harmonogram zaj\u0119\u0107 na Pradze Po\u0142udnie, we W\u0142ochach i na Mokotowie.Czekamy na Ciebie! \u26bd\",\"breadcrumb\":{\"@id\":\"https:\\\/\\\/apdeyna.pl\\\/lokalizacje\\\/treningi-bramkarskie\\\/#breadcrumb\"},\"inLanguage\":\"en-US\",\"potentialAction\":[{\"@type\":\"ReadAction\",\"target\":[\"https:\\\/\\\/apdeyna.pl\\\/lokalizacje\\\/treningi-bramkarskie\\\/\"]}]},{\"@type\":\"BreadcrumbList\",\"@id\":\"https:\\\/\\\/apdeyna.pl\\\/lokalizacje\\\/treningi-bramkarskie\\\/#breadcrumb\",\"itemListElement\":[{\"@type\":\"ListItem\",\"position\":1,\"name\":\"Strona g\u0142\u00f3wna\",\"item\":\"https:\\\/\\\/apdeyna.pl\\\/\"},{\"@type\":\"ListItem\",\"position\":2,\"name\":\"Lokalizacje\",\"item\":\"https:\\\/\\\/apdeyna.pl\\\/lokalizacje\\\/\"},{\"@type\":\"ListItem\",\"position\":3,\"name\":\"Treningi bramkarskie\"}]},{\"@type\":\"WebSite\",\"@id\":\"https:\\\/\\\/apdeyna.pl\\\/#website\",\"url\":\"https:\\\/\\\/apdeyna.pl\\\/\",\"name\":\"AP Deyna\",\"description\":\"AKADEMIA PI\u0141KARSKA IM. KAZIMIERZA DEYNY\",\"publisher\":{\"@id\":\"https:\\\/\\\/apdeyna.pl\\\/#organization\"},\"potentialAction\":[{\"@type\":\"SearchAction\",\"target\":{\"@type\":\"EntryPoint\",\"urlTemplate\":\"https:\\\/\\\/apdeyna.pl\\\/?s={search_term_string}\"},\"query-input\":{\"@type\":\"PropertyValueSpecification\",\"valueRequired\":true,\"valueName\":\"search_term_string\"}}],\"inLanguage\":\"en-US\"},{\"@type\":\"Organization\",\"@id\":\"https:\\\/\\\/apdeyna.pl\\\/#organization\",\"name\":\"AP Deyna\",\"url\":\"https:\\\/\\\/apdeyna.pl\\\/\",\"logo\":{\"@type\":\"ImageObject\",\"inLanguage\":\"en-US\",\"@id\":\"https:\\\/\\\/apdeyna.pl\\\/#\\\/schema\\\/logo\\\/image\\\/\",\"url\":\"https:\\\/\\\/apdeyna.pl\\\/wp-content\\\/uploads\\\/2023\\\/06\\\/cropped-favicon_apdeyna.png\",\"contentUrl\":\"https:\\\/\\\/apdeyna.pl\\\/wp-content\\\/uploads\\\/2023\\\/06\\\/cropped-favicon_apdeyna.png\",\"width\":512,\"height\":512,\"caption\":\"AP Deyna\"},\"image\":{\"@id\":\"https:\\\/\\\/apdeyna.pl\\\/#\\\/schema\\\/logo\\\/image\\\/\"},\"sameAs\":[\"https:\\\/\\\/www.facebook.com\\\/apdeynapl\",\"https:\\\/\\\/www.youtube.com\\\/@APDeyna\"]}]}<\/script>\n<!-- \/ Yoast SEO plugin. -->","yoast_head_json":{"title":"Treningi bramkarskie - AP Deyna","description":"\u26bdProfesjonalne treningi bramkarskie w AP Deyna! Sprawd\u017a harmonogram zaj\u0119\u0107 na Pradze Po\u0142udnie, we W\u0142ochach i na Mokotowie.Czekamy na Ciebie! \u26bd","robots":{"index":"index","follow":"follow","max-snippet":"max-snippet:-1","max-image-preview":"max-image-preview:large","max-video-preview":"max-video-preview:-1"},"canonical":"https:\/\/apdeyna.pl\/en\/lokalizacje\/treningi-bramkarskie\/","og_locale":"en_US","og_type":"article","og_title":"Treningi bramkarskie - AP Deyna","og_description":"\u26bdProfesjonalne treningi bramkarskie w AP Deyna! Sprawd\u017a harmonogram zaj\u0119\u0107 na Pradze Po\u0142udnie, we W\u0142ochach i na Mokotowie.Czekamy na Ciebie! \u26bd","og_url":"https:\/\/apdeyna.pl\/en\/lokalizacje\/treningi-bramkarskie\/","og_site_name":"AP Deyna","article_publisher":"https:\/\/www.facebook.com\/apdeynapl","article_modified_time":"2025-10-06T09:01:45+00:00","twitter_card":"summary_large_image","twitter_misc":{"Est. reading time":"3 minutes"},"schema":{"@context":"https:\/\/schema.org","@graph":[{"@type":"WebPage","@id":"https:\/\/apdeyna.pl\/lokalizacje\/treningi-bramkarskie\/","url":"https:\/\/apdeyna.pl\/lokalizacje\/treningi-bramkarskie\/","name":"Treningi bramkarskie - AP Deyna","isPartOf":{"@id":"https:\/\/apdeyna.pl\/#website"},"datePublished":"2023-09-17T19:32:13+00:00","dateModified":"2025-10-06T09:01:45+00:00","description":"\u26bdProfesjonalne treningi bramkarskie w AP Deyna! Sprawd\u017a harmonogram zaj\u0119\u0107 na Pradze Po\u0142udnie, we W\u0142ochach i na Mokotowie.Czekamy na Ciebie! \u26bd","breadcrumb":{"@id":"https:\/\/apdeyna.pl\/lokalizacje\/treningi-bramkarskie\/#breadcrumb"},"inLanguage":"en-US","potentialAction":[{"@type":"ReadAction","target":["https:\/\/apdeyna.pl\/lokalizacje\/treningi-bramkarskie\/"]}]},{"@type":"BreadcrumbList","@id":"https:\/\/apdeyna.pl\/lokalizacje\/treningi-bramkarskie\/#breadcrumb","itemListElement":[{"@type":"ListItem","position":1,"name":"Strona g\u0142\u00f3wna","item":"https:\/\/apdeyna.pl\/"},{"@type":"ListItem","position":2,"name":"Lokalizacje","item":"https:\/\/apdeyna.pl\/lokalizacje\/"},{"@type":"ListItem","position":3,"name":"Treningi bramkarskie"}]},{"@type":"WebSite","@id":"https:\/\/apdeyna.pl\/#website","url":"https:\/\/apdeyna.pl\/","name":"AP Deyna","description":"AKADEMIA PI\u0141KARSKA IM. KAZIMIERZA DEYNY","publisher":{"@id":"https:\/\/apdeyna.pl\/#organization"},"potentialAction":[{"@type":"SearchAction","target":{"@type":"EntryPoint","urlTemplate":"https:\/\/apdeyna.pl\/?s={search_term_string}"},"query-input":{"@type":"PropertyValueSpecification","valueRequired":true,"valueName":"search_term_string"}}],"inLanguage":"en-US"},{"@type":"Organization","@id":"https:\/\/apdeyna.pl\/#organization","name":"AP Deyna","url":"https:\/\/apdeyna.pl\/","logo":{"@type":"ImageObject","inLanguage":"en-US","@id":"https:\/\/apdeyna.pl\/#\/schema\/logo\/image\/","url":"https:\/\/apdeyna.pl\/wp-content\/uploads\/2023\/06\/cropped-favicon_apdeyna.png","contentUrl":"https:\/\/apdeyna.pl\/wp-content\/uploads\/2023\/06\/cropped-favicon_apdeyna.png","width":512,"height":512,"caption":"AP Deyna"},"image":{"@id":"https:\/\/apdeyna.pl\/#\/schema\/logo\/image\/"},"sameAs":["https:\/\/www.facebook.com\/apdeynapl","https:\/\/www.youtube.com\/@APDeyna"]}]}},"_links":{"self":[{"href":"https:\/\/apdeyna.pl\/en\/wp-json\/wp\/v2\/pages\/1689","targetHints":{"allow":["GET"]}}],"collection":[{"href":"https:\/\/apdeyna.pl\/en\/wp-json\/wp\/v2\/pages"}],"about":[{"href":"https:\/\/apdeyna.pl\/en\/wp-json\/wp\/v2\/types\/page"}],"author":[{"embeddable":true,"href":"https:\/\/apdeyna.pl\/en\/wp-json\/wp\/v2\/users\/1"}],"replies":[{"embeddable":true,"href":"https:\/\/apdeyna.pl\/en\/wp-json\/wp\/v2\/comments?post=1689"}],"version-history":[{"count":49,"href":"https:\/\/apdeyna.pl\/en\/wp-json\/wp\/v2\/pages\/1689\/revisions"}],"predecessor-version":[{"id":3232,"href":"https:\/\/apdeyna.pl\/en\/wp-json\/wp\/v2\/pages\/1689\/revisions\/3232"}],"up":[{"embeddable":true,"href":"https:\/\/apdeyna.pl\/en\/wp-json\/wp\/v2\/pages\/72"}],"wp:attachment":[{"href":"https:\/\/apdeyna.pl\/en\/wp-json\/wp\/v2\/media?parent=1689"}],"curies":[{"name":"wp","href":"https:\/\/api.w.org\/{rel}","templated":true}]}}