{"id":2047,"date":"2025-07-29T11:25:07","date_gmt":"2025-07-29T09:25:07","guid":{"rendered":"https:\/\/apdeyna.pl\/?page_id=2047"},"modified":"2026-03-23T14:59:23","modified_gmt":"2026-03-23T13:59:23","slug":"goclaw","status":"publish","type":"page","link":"https:\/\/apdeyna.pl\/en\/lokalizacje\/goclaw\/","title":{"rendered":"Goc\u0142aw"},"content":{"rendered":"<div data-elementor-type=\"wp-page\" data-elementor-id=\"2047\" class=\"elementor elementor-2047\" data-elementor-post-type=\"page\">\n\t\t\t\t\t\t<section class=\"elementor-section elementor-top-section elementor-element elementor-element-331ce50 elementor-section-boxed elementor-section-height-default elementor-section-height-default\" data-id=\"331ce50\" data-element_type=\"section\">\n\t\t\t\t\t\t<div class=\"elementor-container elementor-column-gap-default\">\n\t\t\t\t\t<div class=\"elementor-column elementor-col-100 elementor-top-column elementor-element elementor-element-93ea632\" data-id=\"93ea632\" data-element_type=\"column\">\n\t\t\t<div class=\"elementor-widget-wrap elementor-element-populated\">\n\t\t\t\t\t\t<div class=\"elementor-element elementor-element-a5d79b8 new-text-max-width elementor-widget elementor-widget-text-editor\" data-id=\"a5d79b8\" data-element_type=\"widget\" data-widget_type=\"text-editor.default\">\n\t\t\t\t<div class=\"elementor-widget-container\">\n\t\t\t\t\t\t\t\t\t<div><h2><strong><span style=\"color: #008000;\">Nabory na sezon 2025\/2026<\/span><\/strong><\/h2><p>Nasze treningi prowadz\u0105 <strong>licencjonowani trenerzy<\/strong> z do\u015bwiadczeniem w pracy z dzie\u0107mi. To pasjonaci pi\u0142ki no\u017cnej, kt\u00f3rzy potrafi\u0105 po\u0142\u0105czy\u0107 profesjonalizm ze \u015bwietn\u0105 atmosfer\u0105. Trenujemy na <a href=\"https:\/\/apdeyna.pl\/en\/lokalizacje\/\"><strong>nowoczesnych boiskach w kilku lokalizacjach<\/strong><\/a>. Zaj\u0119cia dostosowane s\u0105 do wieku i poziomu zaawansowania dzieci. Zapraszamy dzieci w wieku <strong>od 5 do 15 lat<\/strong>. Grupy tworzymy wed\u0142ug wieku i poziomu umiej\u0119tno\u015bci, aby ka\u017cde dziecko mog\u0142o trenowa\u0107 w odpowiednim dla siebie tempie. Miesi\u0119czna sk\u0142adka wynosi <strong>300 z\u0142<\/strong>. Wpisowe dla nowych cz\u0142onk\u00f3w wynosi <strong>od 199 do 600 z\u0142<\/strong> (cena zale\u017cna od ilo\u015bci i typu stroju jakie otrzymuje dziecko). Ka\u017cde dziecko mo\u017ce wzi\u0105\u0107 udzia\u0142 w <strong>bezp\u0142atnym treningu pr\u00f3bnym<\/strong>, aby przekona\u0107 si\u0119, czy pi\u0142ka no\u017cna to jego pasja. Z darmowego treningu mo\u017cna skorzysta\u0107 od po\u0142owy sierpnia do ko\u0144ca wrze\u015bnia. Stawiamy na <strong>fair play, wsp\u00f3\u0142prac\u0119 i rado\u015b\u0107 z gry<\/strong>. Naszym celem jest nie tylko rozw\u00f3j sportowy, ale te\u017c budowanie pewno\u015bci siebie, przyja\u017ani i pasji do aktywno\u015bci fizycznej. Poza samymi treningami regularnie bierzemy udzia\u0142 w sparingach, turniejach i wydarzeniach pi\u0142karskich. Dzi\u0119ki temu dzieci ucz\u0105 si\u0119 wsp\u00f3\u0142pracy w dru\u017cynie i ciesz\u0105 si\u0119 prawdziw\u0105 pi\u0142karsk\u0105 rywalizacj\u0105. W trakcie wakacji letnich organizujemy r\u00f3wnie\u017c obozy.<\/p><p>Aby zapisa\u0107 dziecko nale\u017cy <a href=\"https:\/\/apdeyny.protrainup.com\/pl\/forms\/888?signature=cde1173bf3da318dd5b14c331728b8ed23711f19e0104a590e45de148990abf2\" target=\"_blank\" rel=\"noopener\"><strong>wype\u0142ni\u0107<\/strong> <strong>formularz<\/strong><\/a> oraz wype\u0142ni\u0107 deklaracj\u0119 cz\u0142onkowsk\u0105.<\/p><\/div>\t\t\t\t\t\t\t\t<\/div>\n\t\t\t\t<\/div>\n\t\t\t\t<div class=\"elementor-element elementor-element-aac757b elementor-widget elementor-widget-heading\" data-id=\"aac757b\" data-element_type=\"widget\" data-widget_type=\"heading.default\">\n\t\t\t\t<div class=\"elementor-widget-container\">\n\t\t\t\t\t<h1 class=\"elementor-heading-title elementor-size-default\">GOC\u0141AW<\/h1>\t\t\t\t<\/div>\n\t\t\t\t<\/div>\n\t\t\t\t<div class=\"elementor-element elementor-element-b4f8eb0 elementor-widget elementor-widget-accordion\" data-id=\"b4f8eb0\" data-element_type=\"widget\" data-widget_type=\"accordion.default\">\n\t\t\t\t<div class=\"elementor-widget-container\">\n\t\t\t\t\t\t\t<div class=\"elementor-accordion\">\n\t\t\t\t\t\t\t<div class=\"elementor-accordion-item\">\n\t\t\t\t\t<div id=\"elementor-tab-title-1891\" class=\"elementor-tab-title\" data-tab=\"1\" role=\"button\" aria-controls=\"elementor-tab-content-1891\" aria-expanded=\"false\">\n\t\t\t\t\t\t\t\t\t\t\t\t\t<span class=\"elementor-accordion-icon elementor-accordion-icon-left\" aria-hidden=\"true\">\n\t\t\t\t\t\t\t\t\t\t\t\t\t\t\t<span class=\"elementor-accordion-icon-closed\"><i class=\"fas fa-plus\"><\/i><\/span>\n\t\t\t\t\t\t\t\t<span class=\"elementor-accordion-icon-opened\"><i class=\"fas fa-minus\"><\/i><\/span>\n\t\t\t\t\t\t\t\t\t\t\t\t\t\t<\/span>\n\t\t\t\t\t\t\t\t\t\t\t\t<a class=\"elementor-accordion-title\" tabindex=\"0\">Harmonogram APD16 Rocznika 2016 dzieci trenuj\u0105cych pi\u0142k\u0119 no\u017cn\u0105 na Grochowie ul. Osowska 81, ul. Bia\u0142owieska 22, ul. Frontowa 2<\/a>\n\t\t\t\t\t<\/div>\n\t\t\t\t\t<div id=\"elementor-tab-content-1891\" class=\"elementor-tab-content elementor-clearfix\" data-tab=\"1\" role=\"region\" aria-labelledby=\"elementor-tab-title-1891\"><h2 style=\"font-weight: bold; font-family: Dosis; margin: 0px 0px 0.540791em; color: #009a46; clear: both; font-size: 2.1em; line-height: 1.216;\"><span style=\"color: #000000;\">Grupa APD16 \u2013 Rocznik 2016 \u2013 Trener UEFA Roman Pihariev, Dariusz Bajorek, Micha\u0142 \u015alubowski<\/span><\/h2><p style=\"margin: 0px 0px 1.41575em; color: #7a7a7a; font-family: Dosis, sans-serif; font-size: 17px;\"><span style=\"font-weight: bolder; color: #000000;\">Harmonogram Okres Wiosenny (kwiecie\u0144 &#8211; czerwiec 2026)<\/span><\/p><p style=\"margin: 0px 0px 1.41575em; color: #7a7a7a; font-family: Dosis, sans-serif; font-size: 17px;\"><span style=\"color: #000000;\">Poniedzia\u0142ek: godz. 17:00 \u2013\u00a0 boisko ul. Osowska 81\u00a0<\/span><\/p><p style=\"margin: 0px 0px 1.41575em; color: #7a7a7a; font-family: Dosis, sans-serif; font-size: 17px;\"><span style=\"color: #000000;\">Czwartek: godz. 18:45 \u2013\u00a0 boisko ul. Tarnowiecka 4<\/span><\/p><p style=\"margin: 0px 0px 1.41575em; color: #7a7a7a; font-family: Dosis, sans-serif; font-size: 17px;\"><span style=\"color: #000000;\">Pi\u0105tek: godz. 17:15\u2013 hala sportowa ul. Osowska 81<\/span><\/p><p style=\"margin: 0px 0px 1.41575em; color: #7a7a7a; font-family: Dosis, sans-serif; font-size: 17px;\"><span style=\"color: #000000; font-weight: bold;\">Harmonogram Okres Wiosna &#8211; Jesie\u0144 (marzec 2025 \u2013 listopad 2025)<\/span><\/p><p style=\"margin: 0px 0px 1.41575em; color: #7a7a7a; font-family: Dosis, sans-serif; font-size: 17px;\"><span style=\"color: #000000;\">Poniedzia\u0142ek: godz. 17:00 \u2013\u00a0 boisko ul. Osowska 81\u00a0<\/span><\/p><p style=\"margin: 0px 0px 1.41575em; color: #7a7a7a; font-family: Dosis, sans-serif; font-size: 17px;\"><span style=\"color: #000000;\">Czwartek: godz. 19:00 \u2013\u00a0 boisko ul. Umi\u0144skiego 12<\/span><\/p><p style=\"margin: 0px 0px 1.41575em; color: #7a7a7a; font-family: Dosis, sans-serif; font-size: 17px;\"><span style=\"color: #000000;\">Pi\u0105tek: godz. 17:15 \u2013\u00a0<\/span><span style=\"color: #000000;\">boisko ul. Osowska 81\u00a0<\/span><\/p><\/div>\n\t\t\t\t<\/div>\n\t\t\t\t\t\t\t<div class=\"elementor-accordion-item\">\n\t\t\t\t\t<div id=\"elementor-tab-title-1892\" class=\"elementor-tab-title\" data-tab=\"2\" role=\"button\" aria-controls=\"elementor-tab-content-1892\" aria-expanded=\"false\">\n\t\t\t\t\t\t\t\t\t\t\t\t\t<span class=\"elementor-accordion-icon elementor-accordion-icon-left\" aria-hidden=\"true\">\n\t\t\t\t\t\t\t\t\t\t\t\t\t\t\t<span class=\"elementor-accordion-icon-closed\"><i class=\"fas fa-plus\"><\/i><\/span>\n\t\t\t\t\t\t\t\t<span class=\"elementor-accordion-icon-opened\"><i class=\"fas fa-minus\"><\/i><\/span>\n\t\t\t\t\t\t\t\t\t\t\t\t\t\t<\/span>\n\t\t\t\t\t\t\t\t\t\t\t\t<a class=\"elementor-accordion-title\" tabindex=\"0\">Harmonogram APD15 Rocznika 2015 dzieci trenuj\u0105cych pi\u0142k\u0119 no\u017cn\u0105 na Grochowie ul. Osowska 81, ul. Frontowa 2<\/a>\n\t\t\t\t\t<\/div>\n\t\t\t\t\t<div id=\"elementor-tab-content-1892\" class=\"elementor-tab-content elementor-clearfix\" data-tab=\"2\" role=\"region\" aria-labelledby=\"elementor-tab-title-1892\"><h2><strong>Grupa APD15 \u2013 Rocznik 2015 \u2013 Trener UEFA Roman Pihairev, Dariusz Bajorek, Micha\u0142 \u015alubowski<\/strong><\/h2><p><strong>Harmonogram Okres Wiosenny (kwiecie\u0144 &#8211; czerwiec 2026)<\/strong><\/p><p>Poniedzia\u0142ek: godz. 18:30 \u2013\u00a0 boisko ul. Osowska 81\u00a0<\/p><p>\u015aroda: godz. 18:30 \u2013\u00a0 boisko ul. Osowska 81<\/p><p>Pi\u0105tek: godz. 18:45 \u2013 boisko ul. Osowska 81<\/p><p style=\"margin: 0px 0px 1.41575em; color: #7a7a7a; font-family: Dosis, sans-serif; font-size: 17px;\"><span style=\"color: #000000; font-weight: bold;\">Harmonogram Okres Wiosna &#8211; Jesie\u0144 (marzec 2025 \u2013 listopad 2025)<\/span><\/p><p>Poniedzia\u0142ek: godz. 18:30 \u2013\u00a0 boisko ul. Osowska 81\u00a0<\/p><p>\u015aroda: godz. 18:30 \u2013\u00a0 boisko ul. Osowska 81<\/p><p>Pi\u0105tek: godz. 18:30 \u2013\u00a0<span style=\"font-size: 1rem;\">boisko ul. Osowska 81<\/span><\/p><\/div>\n\t\t\t\t<\/div>\n\t\t\t\t\t\t\t<div class=\"elementor-accordion-item\">\n\t\t\t\t\t<div id=\"elementor-tab-title-1893\" class=\"elementor-tab-title\" data-tab=\"3\" role=\"button\" aria-controls=\"elementor-tab-content-1893\" aria-expanded=\"false\">\n\t\t\t\t\t\t\t\t\t\t\t\t\t<span class=\"elementor-accordion-icon elementor-accordion-icon-left\" aria-hidden=\"true\">\n\t\t\t\t\t\t\t\t\t\t\t\t\t\t\t<span class=\"elementor-accordion-icon-closed\"><i class=\"fas fa-plus\"><\/i><\/span>\n\t\t\t\t\t\t\t\t<span class=\"elementor-accordion-icon-opened\"><i class=\"fas fa-minus\"><\/i><\/span>\n\t\t\t\t\t\t\t\t\t\t\t\t\t\t<\/span>\n\t\t\t\t\t\t\t\t\t\t\t\t<a class=\"elementor-accordion-title\" tabindex=\"0\">Harmonogram Rocznika 2010, dzieci trenuj\u0105cych pi\u0142k\u0119 no\u017cn\u0105 na Goc\u0142awiu<\/a>\n\t\t\t\t\t<\/div>\n\t\t\t\t\t<div id=\"elementor-tab-content-1893\" class=\"elementor-tab-content elementor-clearfix\" data-tab=\"3\" role=\"region\" aria-labelledby=\"elementor-tab-title-1893\"><h2><strong><span style=\"color: #339966;\">Grupa WW10 \u2013 Rocznik 2010 \u2013 Trener UEFA Dariusz Bajorek<\/span><\/strong><\/h2><p><span style=\"font-weight: bold;\">Harmonogram Okres Zima (listopad 2025 \u2013 marzec 2026)<\/span><\/p><p>Poniedzia\u0142ek: godz. 16:30\u00a0 \u2013 boisko ul. Ko\u0142owa 24<\/p><p>\u015aroda: godz. 18:30\u00a0 \u2013 boisko na B\u0142oniach Kamionkowskich al. Jerzego Waszyngtona 52\/58<\/p><p>Czwartek: godz. 18:30\u00a0 \u2013 boisko ul. Osowska 81<\/p><p>Pi\u0105tek: godz. 19:30 &#8211; boisko ul. Ko\u0142owa 24<\/p><p><span style=\"font-weight: bolder;\">Harmonogram Okres Jesie\u0144 (wrzesie\u0144 \u2013 pa\u017adziernik)<\/span><\/p><p>Poniedzia\u0142ek: godz. 18:00\u00a0 \u2013 boisko ul. Krakusa 2<\/p><p>\u015aroda: godz. 18:30\u00a0 \u2013 boisko na B\u0142oniach Kamionkowskich al. Jerzego Waszyngtona 52\/58<\/p><p>Czwartek: godz. 18:30\u00a0 \u2013 boisko ul. Osowska 81<\/p><\/div>\n\t\t\t\t<\/div>\n\t\t\t\t\t\t\t\t<\/div>\n\t\t\t\t\t\t<\/div>\n\t\t\t\t<\/div>\n\t\t\t\t\t<\/div>\n\t\t<\/div>\n\t\t\t\t\t<\/div>\n\t\t<\/section>\n\t\t\t\t<section class=\"elementor-section elementor-top-section elementor-element elementor-element-4489749 elementor-section-boxed elementor-section-height-default elementor-section-height-default\" data-id=\"4489749\" data-element_type=\"section\">\n\t\t\t\t\t\t<div class=\"elementor-container elementor-column-gap-default\">\n\t\t\t\t\t<div class=\"elementor-column elementor-col-100 elementor-top-column elementor-element elementor-element-53bc7b2\" data-id=\"53bc7b2\" data-element_type=\"column\">\n\t\t\t<div class=\"elementor-widget-wrap\">\n\t\t\t\t\t\t\t<\/div>\n\t\t<\/div>\n\t\t\t\t\t<\/div>\n\t\t<\/section>\n\t\t\t\t<section class=\"elementor-section elementor-top-section elementor-element elementor-element-0a3ab49 elementor-section-boxed elementor-section-height-default elementor-section-height-default\" data-id=\"0a3ab49\" data-element_type=\"section\">\n\t\t\t\t\t\t<div class=\"elementor-container elementor-column-gap-default\">\n\t\t\t\t\t<div class=\"elementor-column elementor-col-100 elementor-top-column elementor-element elementor-element-e710430\" data-id=\"e710430\" data-element_type=\"column\">\n\t\t\t<div class=\"elementor-widget-wrap elementor-element-populated\">\n\t\t\t\t\t\t<div class=\"elementor-element elementor-element-aa2d429 elementor-widget elementor-widget-image\" data-id=\"aa2d429\" data-element_type=\"widget\" data-widget_type=\"image.default\">\n\t\t\t\t<div class=\"elementor-widget-container\">\n\t\t\t\t\t\t\t\t\t\t\t\t\t\t\t<img fetchpriority=\"high\" decoding=\"async\" width=\"800\" height=\"304\" src=\"https:\/\/apdeyna.pl\/wp-content\/uploads\/2025\/12\/05_znak_uproszczony_kolor_biale_tlo-1024x389.png\" class=\"attachment-large size-large wp-image-3390\" alt=\"\" srcset=\"https:\/\/apdeyna.pl\/wp-content\/uploads\/2025\/12\/05_znak_uproszczony_kolor_biale_tlo-1024x389.png 1024w, https:\/\/apdeyna.pl\/wp-content\/uploads\/2025\/12\/05_znak_uproszczony_kolor_biale_tlo-300x114.png 300w, https:\/\/apdeyna.pl\/wp-content\/uploads\/2025\/12\/05_znak_uproszczony_kolor_biale_tlo-768x292.png 768w, https:\/\/apdeyna.pl\/wp-content\/uploads\/2025\/12\/05_znak_uproszczony_kolor_biale_tlo-18x7.png 18w, https:\/\/apdeyna.pl\/wp-content\/uploads\/2025\/12\/05_znak_uproszczony_kolor_biale_tlo.png 1136w\" sizes=\"(max-width: 800px) 100vw, 800px\" \/>\t\t\t\t\t\t\t\t\t\t\t\t\t\t\t<\/div>\n\t\t\t\t<\/div>\n\t\t\t\t\t<\/div>\n\t\t<\/div>\n\t\t\t\t\t<\/div>\n\t\t<\/section>\n\t\t\t\t<section class=\"elementor-section elementor-top-section elementor-element elementor-element-a33b85e elementor-section-boxed elementor-section-height-default elementor-section-height-default\" data-id=\"a33b85e\" data-element_type=\"section\">\n\t\t\t\t\t\t<div class=\"elementor-container elementor-column-gap-default\">\n\t\t\t\t\t<div class=\"elementor-column elementor-col-100 elementor-top-column elementor-element elementor-element-d144820\" data-id=\"d144820\" data-element_type=\"column\">\n\t\t\t<div class=\"elementor-widget-wrap elementor-element-populated\">\n\t\t\t\t\t\t<div class=\"elementor-element elementor-element-9077ba8 elementor-widget__width-initial elementor-widget elementor-widget-image\" data-id=\"9077ba8\" data-element_type=\"widget\" data-widget_type=\"image.default\">\n\t\t\t\t<div class=\"elementor-widget-container\">\n\t\t\t\t\t\t\t\t\t\t\t\t\t\t\t<img decoding=\"async\" width=\"490\" height=\"433\" src=\"https:\/\/apdeyna.pl\/wp-content\/uploads\/2025\/09\/Rzadowy-Program-KLUB-logo-Witaj-W-Klubie.png\" class=\"attachment-large size-large wp-image-3097\" alt=\"\" srcset=\"https:\/\/apdeyna.pl\/wp-content\/uploads\/2025\/09\/Rzadowy-Program-KLUB-logo-Witaj-W-Klubie.png 490w, https:\/\/apdeyna.pl\/wp-content\/uploads\/2025\/09\/Rzadowy-Program-KLUB-logo-Witaj-W-Klubie-300x265.png 300w, https:\/\/apdeyna.pl\/wp-content\/uploads\/2025\/09\/Rzadowy-Program-KLUB-logo-Witaj-W-Klubie-14x12.png 14w\" sizes=\"(max-width: 490px) 100vw, 490px\" \/>\t\t\t\t\t\t\t\t\t\t\t\t\t\t\t<\/div>\n\t\t\t\t<\/div>\n\t\t\t\t\t<\/div>\n\t\t<\/div>\n\t\t\t\t\t<\/div>\n\t\t<\/section>\n\t\t\t\t<\/div>","protected":false},"excerpt":{"rendered":"<p>Nabory na sezon 2025\/2026 Nasze treningi prowadz\u0105 licencjonowani trenerzy z do\u015bwiadczeniem w pracy z dzie\u0107mi. To pasjonaci pi\u0142ki no\u017cnej, kt\u00f3rzy potrafi\u0105 po\u0142\u0105czy\u0107 profesjonalizm ze \u015bwietn\u0105 atmosfer\u0105. Trenujemy na nowoczesnych boiskach w kilku lokalizacjach. Zaj\u0119cia dostosowane s\u0105 do wieku i poziomu zaawansowania dzieci. Zapraszamy dzieci w wieku od 5 do 15 lat. Grupy tworzymy wed\u0142ug wieku [&hellip;]<\/p>\n","protected":false},"author":1,"featured_media":0,"parent":72,"menu_order":0,"comment_status":"closed","ping_status":"closed","template":"elementor_theme","meta":{"footnotes":""},"class_list":["post-2047","page","type-page","status-publish","hentry"],"yoast_head":"<!-- This site is optimized with the Yoast SEO plugin v27.5 - https:\/\/yoast.com\/product\/yoast-seo-wordpress\/ -->\n<title>Goc\u0142aw treningi - AP Deyna<\/title>\n<meta name=\"description\" content=\"\u26bd Planujesz treningi na Goc\u0142awiu? Sprawd\u017a aktualny harmonogram AP Deyna, zobacz, gdzie i z kim trenuj\u0105 poszczeg\u00f3lne roczniki. \u26bd\" \/>\n<meta name=\"robots\" content=\"index, follow, max-snippet:-1, max-image-preview:large, max-video-preview:-1\" \/>\n<link rel=\"canonical\" href=\"https:\/\/apdeyna.pl\/en\/lokalizacje\/goclaw\/\" \/>\n<meta property=\"og:locale\" content=\"en_US\" \/>\n<meta property=\"og:type\" content=\"article\" \/>\n<meta property=\"og:title\" content=\"Goc\u0142aw treningi - AP Deyna\" \/>\n<meta property=\"og:description\" content=\"\u26bd Planujesz treningi na Goc\u0142awiu? Sprawd\u017a aktualny harmonogram AP Deyna, zobacz, gdzie i z kim trenuj\u0105 poszczeg\u00f3lne roczniki. \u26bd\" \/>\n<meta property=\"og:url\" content=\"https:\/\/apdeyna.pl\/en\/lokalizacje\/goclaw\/\" \/>\n<meta property=\"og:site_name\" content=\"AP Deyna\" \/>\n<meta property=\"article:publisher\" content=\"https:\/\/www.facebook.com\/apdeynapl\" \/>\n<meta property=\"article:modified_time\" content=\"2026-03-23T13:59:23+00:00\" \/>\n<meta property=\"og:image\" content=\"http:\/\/apdeyna.pl\/wp-content\/uploads\/2025\/12\/05_znak_uproszczony_kolor_biale_tlo-1024x389.png\" \/>\n<meta name=\"twitter:card\" content=\"summary_large_image\" \/>\n<meta name=\"twitter:label1\" content=\"Est. reading time\" \/>\n\t<meta name=\"twitter:data1\" content=\"4 minutes\" \/>\n<script type=\"application\/ld+json\" class=\"yoast-schema-graph\">{\"@context\":\"https:\\\/\\\/schema.org\",\"@graph\":[{\"@type\":\"WebPage\",\"@id\":\"https:\\\/\\\/apdeyna.pl\\\/lokalizacje\\\/goclaw\\\/\",\"url\":\"https:\\\/\\\/apdeyna.pl\\\/lokalizacje\\\/goclaw\\\/\",\"name\":\"Goc\u0142aw treningi - AP Deyna\",\"isPartOf\":{\"@id\":\"https:\\\/\\\/apdeyna.pl\\\/#website\"},\"primaryImageOfPage\":{\"@id\":\"https:\\\/\\\/apdeyna.pl\\\/lokalizacje\\\/goclaw\\\/#primaryimage\"},\"image\":{\"@id\":\"https:\\\/\\\/apdeyna.pl\\\/lokalizacje\\\/goclaw\\\/#primaryimage\"},\"thumbnailUrl\":\"http:\\\/\\\/apdeyna.pl\\\/wp-content\\\/uploads\\\/2025\\\/12\\\/05_znak_uproszczony_kolor_biale_tlo-1024x389.png\",\"datePublished\":\"2025-07-29T09:25:07+00:00\",\"dateModified\":\"2026-03-23T13:59:23+00:00\",\"description\":\"\u26bd Planujesz treningi na Goc\u0142awiu? Sprawd\u017a aktualny harmonogram AP Deyna, zobacz, gdzie i z kim trenuj\u0105 poszczeg\u00f3lne roczniki. \u26bd\",\"breadcrumb\":{\"@id\":\"https:\\\/\\\/apdeyna.pl\\\/lokalizacje\\\/goclaw\\\/#breadcrumb\"},\"inLanguage\":\"en-US\",\"potentialAction\":[{\"@type\":\"ReadAction\",\"target\":[\"https:\\\/\\\/apdeyna.pl\\\/lokalizacje\\\/goclaw\\\/\"]}]},{\"@type\":\"ImageObject\",\"inLanguage\":\"en-US\",\"@id\":\"https:\\\/\\\/apdeyna.pl\\\/lokalizacje\\\/goclaw\\\/#primaryimage\",\"url\":\"http:\\\/\\\/apdeyna.pl\\\/wp-content\\\/uploads\\\/2025\\\/12\\\/05_znak_uproszczony_kolor_biale_tlo-1024x389.png\",\"contentUrl\":\"http:\\\/\\\/apdeyna.pl\\\/wp-content\\\/uploads\\\/2025\\\/12\\\/05_znak_uproszczony_kolor_biale_tlo-1024x389.png\"},{\"@type\":\"BreadcrumbList\",\"@id\":\"https:\\\/\\\/apdeyna.pl\\\/lokalizacje\\\/goclaw\\\/#breadcrumb\",\"itemListElement\":[{\"@type\":\"ListItem\",\"position\":1,\"name\":\"Strona g\u0142\u00f3wna\",\"item\":\"https:\\\/\\\/apdeyna.pl\\\/\"},{\"@type\":\"ListItem\",\"position\":2,\"name\":\"Lokalizacje\",\"item\":\"https:\\\/\\\/apdeyna.pl\\\/lokalizacje\\\/\"},{\"@type\":\"ListItem\",\"position\":3,\"name\":\"Goc\u0142aw\"}]},{\"@type\":\"WebSite\",\"@id\":\"https:\\\/\\\/apdeyna.pl\\\/#website\",\"url\":\"https:\\\/\\\/apdeyna.pl\\\/\",\"name\":\"AP Deyna\",\"description\":\"AKADEMIA PI\u0141KARSKA IM. KAZIMIERZA DEYNY\",\"publisher\":{\"@id\":\"https:\\\/\\\/apdeyna.pl\\\/#organization\"},\"potentialAction\":[{\"@type\":\"SearchAction\",\"target\":{\"@type\":\"EntryPoint\",\"urlTemplate\":\"https:\\\/\\\/apdeyna.pl\\\/?s={search_term_string}\"},\"query-input\":{\"@type\":\"PropertyValueSpecification\",\"valueRequired\":true,\"valueName\":\"search_term_string\"}}],\"inLanguage\":\"en-US\"},{\"@type\":\"Organization\",\"@id\":\"https:\\\/\\\/apdeyna.pl\\\/#organization\",\"name\":\"AP Deyna\",\"url\":\"https:\\\/\\\/apdeyna.pl\\\/\",\"logo\":{\"@type\":\"ImageObject\",\"inLanguage\":\"en-US\",\"@id\":\"https:\\\/\\\/apdeyna.pl\\\/#\\\/schema\\\/logo\\\/image\\\/\",\"url\":\"https:\\\/\\\/apdeyna.pl\\\/wp-content\\\/uploads\\\/2023\\\/06\\\/cropped-favicon_apdeyna.png\",\"contentUrl\":\"https:\\\/\\\/apdeyna.pl\\\/wp-content\\\/uploads\\\/2023\\\/06\\\/cropped-favicon_apdeyna.png\",\"width\":512,\"height\":512,\"caption\":\"AP Deyna\"},\"image\":{\"@id\":\"https:\\\/\\\/apdeyna.pl\\\/#\\\/schema\\\/logo\\\/image\\\/\"},\"sameAs\":[\"https:\\\/\\\/www.facebook.com\\\/apdeynapl\",\"https:\\\/\\\/www.youtube.com\\\/@APDeyna\"]}]}<\/script>\n<!-- \/ Yoast SEO plugin. -->","yoast_head_json":{"title":"Goc\u0142aw treningi - AP Deyna","description":"\u26bd Planujesz treningi na Goc\u0142awiu? Sprawd\u017a aktualny harmonogram AP Deyna, zobacz, gdzie i z kim trenuj\u0105 poszczeg\u00f3lne roczniki. \u26bd","robots":{"index":"index","follow":"follow","max-snippet":"max-snippet:-1","max-image-preview":"max-image-preview:large","max-video-preview":"max-video-preview:-1"},"canonical":"https:\/\/apdeyna.pl\/en\/lokalizacje\/goclaw\/","og_locale":"en_US","og_type":"article","og_title":"Goc\u0142aw treningi - AP Deyna","og_description":"\u26bd Planujesz treningi na Goc\u0142awiu? Sprawd\u017a aktualny harmonogram AP Deyna, zobacz, gdzie i z kim trenuj\u0105 poszczeg\u00f3lne roczniki. \u26bd","og_url":"https:\/\/apdeyna.pl\/en\/lokalizacje\/goclaw\/","og_site_name":"AP Deyna","article_publisher":"https:\/\/www.facebook.com\/apdeynapl","article_modified_time":"2026-03-23T13:59:23+00:00","og_image":[{"url":"http:\/\/apdeyna.pl\/wp-content\/uploads\/2025\/12\/05_znak_uproszczony_kolor_biale_tlo-1024x389.png","type":"","width":"","height":""}],"twitter_card":"summary_large_image","twitter_misc":{"Est. reading time":"4 minutes"},"schema":{"@context":"https:\/\/schema.org","@graph":[{"@type":"WebPage","@id":"https:\/\/apdeyna.pl\/lokalizacje\/goclaw\/","url":"https:\/\/apdeyna.pl\/lokalizacje\/goclaw\/","name":"Goc\u0142aw treningi - AP Deyna","isPartOf":{"@id":"https:\/\/apdeyna.pl\/#website"},"primaryImageOfPage":{"@id":"https:\/\/apdeyna.pl\/lokalizacje\/goclaw\/#primaryimage"},"image":{"@id":"https:\/\/apdeyna.pl\/lokalizacje\/goclaw\/#primaryimage"},"thumbnailUrl":"http:\/\/apdeyna.pl\/wp-content\/uploads\/2025\/12\/05_znak_uproszczony_kolor_biale_tlo-1024x389.png","datePublished":"2025-07-29T09:25:07+00:00","dateModified":"2026-03-23T13:59:23+00:00","description":"\u26bd Planujesz treningi na Goc\u0142awiu? Sprawd\u017a aktualny harmonogram AP Deyna, zobacz, gdzie i z kim trenuj\u0105 poszczeg\u00f3lne roczniki. \u26bd","breadcrumb":{"@id":"https:\/\/apdeyna.pl\/lokalizacje\/goclaw\/#breadcrumb"},"inLanguage":"en-US","potentialAction":[{"@type":"ReadAction","target":["https:\/\/apdeyna.pl\/lokalizacje\/goclaw\/"]}]},{"@type":"ImageObject","inLanguage":"en-US","@id":"https:\/\/apdeyna.pl\/lokalizacje\/goclaw\/#primaryimage","url":"http:\/\/apdeyna.pl\/wp-content\/uploads\/2025\/12\/05_znak_uproszczony_kolor_biale_tlo-1024x389.png","contentUrl":"http:\/\/apdeyna.pl\/wp-content\/uploads\/2025\/12\/05_znak_uproszczony_kolor_biale_tlo-1024x389.png"},{"@type":"BreadcrumbList","@id":"https:\/\/apdeyna.pl\/lokalizacje\/goclaw\/#breadcrumb","itemListElement":[{"@type":"ListItem","position":1,"name":"Strona g\u0142\u00f3wna","item":"https:\/\/apdeyna.pl\/"},{"@type":"ListItem","position":2,"name":"Lokalizacje","item":"https:\/\/apdeyna.pl\/lokalizacje\/"},{"@type":"ListItem","position":3,"name":"Goc\u0142aw"}]},{"@type":"WebSite","@id":"https:\/\/apdeyna.pl\/#website","url":"https:\/\/apdeyna.pl\/","name":"AP Deyna","description":"AKADEMIA PI\u0141KARSKA IM. KAZIMIERZA DEYNY","publisher":{"@id":"https:\/\/apdeyna.pl\/#organization"},"potentialAction":[{"@type":"SearchAction","target":{"@type":"EntryPoint","urlTemplate":"https:\/\/apdeyna.pl\/?s={search_term_string}"},"query-input":{"@type":"PropertyValueSpecification","valueRequired":true,"valueName":"search_term_string"}}],"inLanguage":"en-US"},{"@type":"Organization","@id":"https:\/\/apdeyna.pl\/#organization","name":"AP Deyna","url":"https:\/\/apdeyna.pl\/","logo":{"@type":"ImageObject","inLanguage":"en-US","@id":"https:\/\/apdeyna.pl\/#\/schema\/logo\/image\/","url":"https:\/\/apdeyna.pl\/wp-content\/uploads\/2023\/06\/cropped-favicon_apdeyna.png","contentUrl":"https:\/\/apdeyna.pl\/wp-content\/uploads\/2023\/06\/cropped-favicon_apdeyna.png","width":512,"height":512,"caption":"AP Deyna"},"image":{"@id":"https:\/\/apdeyna.pl\/#\/schema\/logo\/image\/"},"sameAs":["https:\/\/www.facebook.com\/apdeynapl","https:\/\/www.youtube.com\/@APDeyna"]}]}},"_links":{"self":[{"href":"https:\/\/apdeyna.pl\/en\/wp-json\/wp\/v2\/pages\/2047","targetHints":{"allow":["GET"]}}],"collection":[{"href":"https:\/\/apdeyna.pl\/en\/wp-json\/wp\/v2\/pages"}],"about":[{"href":"https:\/\/apdeyna.pl\/en\/wp-json\/wp\/v2\/types\/page"}],"author":[{"embeddable":true,"href":"https:\/\/apdeyna.pl\/en\/wp-json\/wp\/v2\/users\/1"}],"replies":[{"embeddable":true,"href":"https:\/\/apdeyna.pl\/en\/wp-json\/wp\/v2\/comments?post=2047"}],"version-history":[{"count":172,"href":"https:\/\/apdeyna.pl\/en\/wp-json\/wp\/v2\/pages\/2047\/revisions"}],"predecessor-version":[{"id":3497,"href":"https:\/\/apdeyna.pl\/en\/wp-json\/wp\/v2\/pages\/2047\/revisions\/3497"}],"up":[{"embeddable":true,"href":"https:\/\/apdeyna.pl\/en\/wp-json\/wp\/v2\/pages\/72"}],"wp:attachment":[{"href":"https:\/\/apdeyna.pl\/en\/wp-json\/wp\/v2\/media?parent=2047"}],"curies":[{"name":"wp","href":"https:\/\/api.w.org\/{rel}","templated":true}]}}