{"id":70,"date":"2022-01-03T11:50:31","date_gmt":"2022-01-03T10:50:31","guid":{"rendered":"https:\/\/akademiadeyny.pl\/?page_id=70"},"modified":"2025-08-11T10:39:15","modified_gmt":"2025-08-11T08:39:15","slug":"fundacja-deyny","status":"publish","type":"page","link":"https:\/\/apdeyna.pl\/en\/fundacja-deyny\/","title":{"rendered":"Deyny Foundation"},"content":{"rendered":"<div data-elementor-type=\"wp-page\" data-elementor-id=\"70\" class=\"elementor elementor-70\" data-elementor-post-type=\"page\">\n\t\t\t\t\t\t<section class=\"elementor-section elementor-top-section elementor-element elementor-element-b5e1fa4 elementor-section-boxed elementor-section-height-default elementor-section-height-default\" data-id=\"b5e1fa4\" data-element_type=\"section\">\n\t\t\t\t\t\t<div class=\"elementor-container elementor-column-gap-default\">\n\t\t\t\t\t<div class=\"elementor-column elementor-col-100 elementor-top-column elementor-element elementor-element-b68583e\" data-id=\"b68583e\" data-element_type=\"column\">\n\t\t\t<div class=\"elementor-widget-wrap elementor-element-populated\">\n\t\t\t\t\t\t<div class=\"elementor-element elementor-element-8dfab18 elementor-widget elementor-widget-heading\" data-id=\"8dfab18\" data-element_type=\"widget\" data-widget_type=\"heading.default\">\n\t\t\t\t<div class=\"elementor-widget-container\">\n\t\t\t\t\t<h1 class=\"elementor-heading-title elementor-size-default\">Deyny Foundation<\/h1>\t\t\t\t<\/div>\n\t\t\t\t<\/div>\n\t\t\t\t\t<\/div>\n\t\t<\/div>\n\t\t\t\t\t<\/div>\n\t\t<\/section>\n\t\t\t\t<section class=\"elementor-section elementor-top-section elementor-element elementor-element-56b8c96 elementor-section-boxed elementor-section-height-default elementor-section-height-default\" data-id=\"56b8c96\" data-element_type=\"section\">\n\t\t\t\t\t\t<div class=\"elementor-container elementor-column-gap-default\">\n\t\t\t\t\t<div class=\"elementor-column elementor-col-100 elementor-top-column elementor-element elementor-element-410f4e6\" data-id=\"410f4e6\" data-element_type=\"column\">\n\t\t\t<div class=\"elementor-widget-wrap elementor-element-populated\">\n\t\t\t\t\t\t<div class=\"elementor-element elementor-element-2adda03 elementor-widget elementor-widget-image\" data-id=\"2adda03\" data-element_type=\"widget\" data-widget_type=\"image.default\">\n\t\t\t\t<div class=\"elementor-widget-container\">\n\t\t\t\t\t\t\t\t\t\t\t\t\t\t\t<img decoding=\"async\" width=\"150\" height=\"150\" src=\"https:\/\/apdeyna.pl\/wp-content\/uploads\/2021\/12\/cropped-logo-1-150x150.png\" class=\"attachment-thumbnail size-thumbnail wp-image-94\" alt=\"\" srcset=\"https:\/\/apdeyna.pl\/wp-content\/uploads\/2021\/12\/elementor\/thumbs\/cropped-logo-1-pigvafefa82snpkj857m0tbpefd7ehd9puic9jqijg.png 150w, https:\/\/apdeyna.pl\/wp-content\/uploads\/2021\/12\/cropped-logo-1-300x300.png 300w, https:\/\/apdeyna.pl\/wp-content\/uploads\/2021\/12\/cropped-logo-1-270x270.png 270w, https:\/\/apdeyna.pl\/wp-content\/uploads\/2021\/12\/cropped-logo-1-192x192.png 192w, https:\/\/apdeyna.pl\/wp-content\/uploads\/2021\/12\/cropped-logo-1-180x180.png 180w, https:\/\/apdeyna.pl\/wp-content\/uploads\/2021\/12\/cropped-logo-1-32x32.png 32w, https:\/\/apdeyna.pl\/wp-content\/uploads\/2021\/12\/cropped-logo-1.png 512w\" sizes=\"(max-width: 150px) 100vw, 150px\" \/>\t\t\t\t\t\t\t\t\t\t\t\t\t\t\t<\/div>\n\t\t\t\t<\/div>\n\t\t\t\t<div class=\"elementor-element elementor-element-84d19f8 elementor-widget elementor-widget-text-editor\" data-id=\"84d19f8\" data-element_type=\"widget\" data-widget_type=\"text-editor.default\">\n\t\t\t\t<div class=\"elementor-widget-container\">\n\t\t\t\t\t\t\t\t\t<p>Fundacja imieniem <strong>Kazimierza Deyny<\/strong> stawia sobie za cel kultywowanie pami\u0119ci o pi\u0142karzu, to dzi\u0119ki jej staraniom i osobistemu zaanga\u017cowaniu prezesa Fundacji \u2013 Janusza Dorosiewicza prochy Deyny wr\u00f3ci\u0142y z San Diego do Polski w 2012 roku i spocz\u0119\u0142y na Pow\u0105zkach Wojskowych w Alei Zas\u0142u\u017conych. Fundacja wpiera\u0142a r\u00f3wnie\u017c powstanie pomnika Kazimierza Deyny, kt\u00f3ry sfinansowany przez kibic\u00f3w stan\u0105\u0142 przy stadionie Legii. Opr\u00f3cz tego 1 wrze\u015bnia 2020 roku w Warszawie na Ursynowie odby\u0142a si\u0119 prezentacja muralu upami\u0119tniaj\u0105cego wybitnego reprezentanta Polski i Legii Warszawa.<\/p>\t\t\t\t\t\t\t\t<\/div>\n\t\t\t\t<\/div>\n\t\t\t\t<div class=\"elementor-element elementor-element-dd818e4 elementor-widget elementor-widget-text-editor\" data-id=\"dd818e4\" data-element_type=\"widget\" data-widget_type=\"text-editor.default\">\n\t\t\t\t<div class=\"elementor-widget-container\">\n\t\t\t\t\t\t\t\t\t<p><strong><a href=\"https:\/\/fundacjadeyny.pl\/\">Deyny Foundation<\/a><\/strong><\/p>\t\t\t\t\t\t\t\t<\/div>\n\t\t\t\t<\/div>\n\t\t\t\t\t<\/div>\n\t\t<\/div>\n\t\t\t\t\t<\/div>\n\t\t<\/section>\n\t\t\t\t<\/div>","protected":false},"excerpt":{"rendered":"<p>Fundacja Deyny Fundacja imieniem Kazimierza Deyny stawia sobie za cel kultywowanie pami\u0119ci o pi\u0142karzu, to dzi\u0119ki jej staraniom i osobistemu zaanga\u017cowaniu prezesa Fundacji \u2013 Janusza Dorosiewicza prochy Deyny wr\u00f3ci\u0142y z San Diego do Polski w 2012 roku i spocz\u0119\u0142y na Pow\u0105zkach Wojskowych w Alei Zas\u0142u\u017conych. Fundacja wpiera\u0142a r\u00f3wnie\u017c powstanie pomnika Kazimierza Deyny, kt\u00f3ry sfinansowany przez [&hellip;]<\/p>\n","protected":false},"author":1,"featured_media":0,"parent":0,"menu_order":0,"comment_status":"closed","ping_status":"closed","template":"elementor_theme","meta":{"footnotes":""},"class_list":["post-70","page","type-page","status-publish","hentry"],"yoast_head":"<!-- This site is optimized with the Yoast SEO plugin v27.5 - https:\/\/yoast.com\/product\/yoast-seo-wordpress\/ -->\n<title>Fundacja Deyny - AP Deyna<\/title>\n<meta name=\"description\" content=\"\u26bdPomagamy dzieciom w rozwoju i dajemy rado\u015b\u0107. Dbamy o sportow\u0105 przysz\u0142o\u015b\u0107 najm\u0142odszych. Fundacja Deyny Twoja pomoc si\u0119 liczy! \u26bd\" \/>\n<meta name=\"robots\" content=\"index, follow, max-snippet:-1, max-image-preview:large, max-video-preview:-1\" \/>\n<link rel=\"canonical\" href=\"https:\/\/apdeyna.pl\/en\/fundacja-deyny\/\" \/>\n<meta property=\"og:locale\" content=\"en_US\" \/>\n<meta property=\"og:type\" content=\"article\" \/>\n<meta property=\"og:title\" content=\"Fundacja Deyny - AP Deyna\" \/>\n<meta property=\"og:description\" content=\"\u26bdPomagamy dzieciom w rozwoju i dajemy rado\u015b\u0107. Dbamy o sportow\u0105 przysz\u0142o\u015b\u0107 najm\u0142odszych. Fundacja Deyny Twoja pomoc si\u0119 liczy! \u26bd\" \/>\n<meta property=\"og:url\" content=\"https:\/\/apdeyna.pl\/en\/fundacja-deyny\/\" \/>\n<meta property=\"og:site_name\" content=\"AP Deyna\" \/>\n<meta property=\"article:publisher\" content=\"https:\/\/www.facebook.com\/apdeynapl\" \/>\n<meta property=\"article:modified_time\" content=\"2025-08-11T08:39:15+00:00\" \/>\n<meta property=\"og:image\" content=\"https:\/\/apdeyna.pl\/wp-content\/uploads\/2021\/12\/cropped-logo-1.png\" \/>\n\t<meta property=\"og:image:width\" content=\"512\" \/>\n\t<meta property=\"og:image:height\" content=\"512\" \/>\n\t<meta property=\"og:image:type\" content=\"image\/png\" \/>\n<meta name=\"twitter:card\" content=\"summary_large_image\" \/>\n<meta name=\"twitter:label1\" content=\"Est. reading time\" \/>\n\t<meta name=\"twitter:data1\" content=\"1 minute\" \/>\n<script type=\"application\/ld+json\" class=\"yoast-schema-graph\">{\"@context\":\"https:\\\/\\\/schema.org\",\"@graph\":[{\"@type\":\"WebPage\",\"@id\":\"https:\\\/\\\/apdeyna.pl\\\/fundacja-deyny\\\/\",\"url\":\"https:\\\/\\\/apdeyna.pl\\\/fundacja-deyny\\\/\",\"name\":\"Fundacja Deyny - AP Deyna\",\"isPartOf\":{\"@id\":\"https:\\\/\\\/apdeyna.pl\\\/#website\"},\"primaryImageOfPage\":{\"@id\":\"https:\\\/\\\/apdeyna.pl\\\/fundacja-deyny\\\/#primaryimage\"},\"image\":{\"@id\":\"https:\\\/\\\/apdeyna.pl\\\/fundacja-deyny\\\/#primaryimage\"},\"thumbnailUrl\":\"http:\\\/\\\/apdeyna.pl\\\/wp-content\\\/uploads\\\/2021\\\/12\\\/cropped-logo-1-150x150.png\",\"datePublished\":\"2022-01-03T10:50:31+00:00\",\"dateModified\":\"2025-08-11T08:39:15+00:00\",\"description\":\"\u26bdPomagamy dzieciom w rozwoju i dajemy rado\u015b\u0107. Dbamy o sportow\u0105 przysz\u0142o\u015b\u0107 najm\u0142odszych. Fundacja Deyny Twoja pomoc si\u0119 liczy! \u26bd\",\"breadcrumb\":{\"@id\":\"https:\\\/\\\/apdeyna.pl\\\/fundacja-deyny\\\/#breadcrumb\"},\"inLanguage\":\"en-US\",\"potentialAction\":[{\"@type\":\"ReadAction\",\"target\":[\"https:\\\/\\\/apdeyna.pl\\\/fundacja-deyny\\\/\"]}]},{\"@type\":\"ImageObject\",\"inLanguage\":\"en-US\",\"@id\":\"https:\\\/\\\/apdeyna.pl\\\/fundacja-deyny\\\/#primaryimage\",\"url\":\"http:\\\/\\\/apdeyna.pl\\\/wp-content\\\/uploads\\\/2021\\\/12\\\/cropped-logo-1-150x150.png\",\"contentUrl\":\"http:\\\/\\\/apdeyna.pl\\\/wp-content\\\/uploads\\\/2021\\\/12\\\/cropped-logo-1-150x150.png\"},{\"@type\":\"BreadcrumbList\",\"@id\":\"https:\\\/\\\/apdeyna.pl\\\/fundacja-deyny\\\/#breadcrumb\",\"itemListElement\":[{\"@type\":\"ListItem\",\"position\":1,\"name\":\"Strona g\u0142\u00f3wna\",\"item\":\"https:\\\/\\\/apdeyna.pl\\\/\"},{\"@type\":\"ListItem\",\"position\":2,\"name\":\"Fundacja Deyny\"}]},{\"@type\":\"WebSite\",\"@id\":\"https:\\\/\\\/apdeyna.pl\\\/#website\",\"url\":\"https:\\\/\\\/apdeyna.pl\\\/\",\"name\":\"AP Deyna\",\"description\":\"AKADEMIA PI\u0141KARSKA IM. KAZIMIERZA DEYNY\",\"publisher\":{\"@id\":\"https:\\\/\\\/apdeyna.pl\\\/#organization\"},\"potentialAction\":[{\"@type\":\"SearchAction\",\"target\":{\"@type\":\"EntryPoint\",\"urlTemplate\":\"https:\\\/\\\/apdeyna.pl\\\/?s={search_term_string}\"},\"query-input\":{\"@type\":\"PropertyValueSpecification\",\"valueRequired\":true,\"valueName\":\"search_term_string\"}}],\"inLanguage\":\"en-US\"},{\"@type\":\"Organization\",\"@id\":\"https:\\\/\\\/apdeyna.pl\\\/#organization\",\"name\":\"AP Deyna\",\"url\":\"https:\\\/\\\/apdeyna.pl\\\/\",\"logo\":{\"@type\":\"ImageObject\",\"inLanguage\":\"en-US\",\"@id\":\"https:\\\/\\\/apdeyna.pl\\\/#\\\/schema\\\/logo\\\/image\\\/\",\"url\":\"https:\\\/\\\/apdeyna.pl\\\/wp-content\\\/uploads\\\/2023\\\/06\\\/cropped-favicon_apdeyna.png\",\"contentUrl\":\"https:\\\/\\\/apdeyna.pl\\\/wp-content\\\/uploads\\\/2023\\\/06\\\/cropped-favicon_apdeyna.png\",\"width\":512,\"height\":512,\"caption\":\"AP Deyna\"},\"image\":{\"@id\":\"https:\\\/\\\/apdeyna.pl\\\/#\\\/schema\\\/logo\\\/image\\\/\"},\"sameAs\":[\"https:\\\/\\\/www.facebook.com\\\/apdeynapl\",\"https:\\\/\\\/www.youtube.com\\\/@APDeyna\"]}]}<\/script>\n<!-- \/ Yoast SEO plugin. -->","yoast_head_json":{"title":"Fundacja Deyny - AP Deyna","description":"\u26bdPomagamy dzieciom w rozwoju i dajemy rado\u015b\u0107. Dbamy o sportow\u0105 przysz\u0142o\u015b\u0107 najm\u0142odszych. Fundacja Deyny Twoja pomoc si\u0119 liczy! \u26bd","robots":{"index":"index","follow":"follow","max-snippet":"max-snippet:-1","max-image-preview":"max-image-preview:large","max-video-preview":"max-video-preview:-1"},"canonical":"https:\/\/apdeyna.pl\/en\/fundacja-deyny\/","og_locale":"en_US","og_type":"article","og_title":"Fundacja Deyny - AP Deyna","og_description":"\u26bdPomagamy dzieciom w rozwoju i dajemy rado\u015b\u0107. Dbamy o sportow\u0105 przysz\u0142o\u015b\u0107 najm\u0142odszych. Fundacja Deyny Twoja pomoc si\u0119 liczy! \u26bd","og_url":"https:\/\/apdeyna.pl\/en\/fundacja-deyny\/","og_site_name":"AP Deyna","article_publisher":"https:\/\/www.facebook.com\/apdeynapl","article_modified_time":"2025-08-11T08:39:15+00:00","og_image":[{"width":512,"height":512,"url":"https:\/\/apdeyna.pl\/wp-content\/uploads\/2021\/12\/cropped-logo-1.png","type":"image\/png"}],"twitter_card":"summary_large_image","twitter_misc":{"Est. reading time":"1 minute"},"schema":{"@context":"https:\/\/schema.org","@graph":[{"@type":"WebPage","@id":"https:\/\/apdeyna.pl\/fundacja-deyny\/","url":"https:\/\/apdeyna.pl\/fundacja-deyny\/","name":"Fundacja Deyny - AP Deyna","isPartOf":{"@id":"https:\/\/apdeyna.pl\/#website"},"primaryImageOfPage":{"@id":"https:\/\/apdeyna.pl\/fundacja-deyny\/#primaryimage"},"image":{"@id":"https:\/\/apdeyna.pl\/fundacja-deyny\/#primaryimage"},"thumbnailUrl":"http:\/\/apdeyna.pl\/wp-content\/uploads\/2021\/12\/cropped-logo-1-150x150.png","datePublished":"2022-01-03T10:50:31+00:00","dateModified":"2025-08-11T08:39:15+00:00","description":"\u26bdPomagamy dzieciom w rozwoju i dajemy rado\u015b\u0107. Dbamy o sportow\u0105 przysz\u0142o\u015b\u0107 najm\u0142odszych. Fundacja Deyny Twoja pomoc si\u0119 liczy! \u26bd","breadcrumb":{"@id":"https:\/\/apdeyna.pl\/fundacja-deyny\/#breadcrumb"},"inLanguage":"en-US","potentialAction":[{"@type":"ReadAction","target":["https:\/\/apdeyna.pl\/fundacja-deyny\/"]}]},{"@type":"ImageObject","inLanguage":"en-US","@id":"https:\/\/apdeyna.pl\/fundacja-deyny\/#primaryimage","url":"http:\/\/apdeyna.pl\/wp-content\/uploads\/2021\/12\/cropped-logo-1-150x150.png","contentUrl":"http:\/\/apdeyna.pl\/wp-content\/uploads\/2021\/12\/cropped-logo-1-150x150.png"},{"@type":"BreadcrumbList","@id":"https:\/\/apdeyna.pl\/fundacja-deyny\/#breadcrumb","itemListElement":[{"@type":"ListItem","position":1,"name":"Strona g\u0142\u00f3wna","item":"https:\/\/apdeyna.pl\/"},{"@type":"ListItem","position":2,"name":"Fundacja Deyny"}]},{"@type":"WebSite","@id":"https:\/\/apdeyna.pl\/#website","url":"https:\/\/apdeyna.pl\/","name":"AP Deyna","description":"AKADEMIA PI\u0141KARSKA IM. KAZIMIERZA DEYNY","publisher":{"@id":"https:\/\/apdeyna.pl\/#organization"},"potentialAction":[{"@type":"SearchAction","target":{"@type":"EntryPoint","urlTemplate":"https:\/\/apdeyna.pl\/?s={search_term_string}"},"query-input":{"@type":"PropertyValueSpecification","valueRequired":true,"valueName":"search_term_string"}}],"inLanguage":"en-US"},{"@type":"Organization","@id":"https:\/\/apdeyna.pl\/#organization","name":"AP Deyna","url":"https:\/\/apdeyna.pl\/","logo":{"@type":"ImageObject","inLanguage":"en-US","@id":"https:\/\/apdeyna.pl\/#\/schema\/logo\/image\/","url":"https:\/\/apdeyna.pl\/wp-content\/uploads\/2023\/06\/cropped-favicon_apdeyna.png","contentUrl":"https:\/\/apdeyna.pl\/wp-content\/uploads\/2023\/06\/cropped-favicon_apdeyna.png","width":512,"height":512,"caption":"AP Deyna"},"image":{"@id":"https:\/\/apdeyna.pl\/#\/schema\/logo\/image\/"},"sameAs":["https:\/\/www.facebook.com\/apdeynapl","https:\/\/www.youtube.com\/@APDeyna"]}]}},"_links":{"self":[{"href":"https:\/\/apdeyna.pl\/en\/wp-json\/wp\/v2\/pages\/70","targetHints":{"allow":["GET"]}}],"collection":[{"href":"https:\/\/apdeyna.pl\/en\/wp-json\/wp\/v2\/pages"}],"about":[{"href":"https:\/\/apdeyna.pl\/en\/wp-json\/wp\/v2\/types\/page"}],"author":[{"embeddable":true,"href":"https:\/\/apdeyna.pl\/en\/wp-json\/wp\/v2\/users\/1"}],"replies":[{"embeddable":true,"href":"https:\/\/apdeyna.pl\/en\/wp-json\/wp\/v2\/comments?post=70"}],"version-history":[{"count":47,"href":"https:\/\/apdeyna.pl\/en\/wp-json\/wp\/v2\/pages\/70\/revisions"}],"predecessor-version":[{"id":2632,"href":"https:\/\/apdeyna.pl\/en\/wp-json\/wp\/v2\/pages\/70\/revisions\/2632"}],"wp:attachment":[{"href":"https:\/\/apdeyna.pl\/en\/wp-json\/wp\/v2\/media?parent=70"}],"curies":[{"name":"wp","href":"https:\/\/api.w.org\/{rel}","templated":true}]}}