{"id":72,"date":"2022-01-03T11:50:43","date_gmt":"2022-01-03T10:50:43","guid":{"rendered":"https:\/\/akademiadeyny.pl\/?page_id=72"},"modified":"2025-10-07T13:13:24","modified_gmt":"2025-10-07T11:13:24","slug":"lokalizacje","status":"publish","type":"page","link":"https:\/\/apdeyna.pl\/en\/lokalizacje\/","title":{"rendered":"Lokalizacje"},"content":{"rendered":"<div data-elementor-type=\"wp-page\" data-elementor-id=\"72\" class=\"elementor elementor-72\" data-elementor-post-type=\"page\">\n\t\t\t\t\t\t<section class=\"elementor-section elementor-top-section elementor-element elementor-element-3796a00 elementor-section-boxed elementor-section-height-default elementor-section-height-default\" data-id=\"3796a00\" data-element_type=\"section\">\n\t\t\t\t\t\t<div class=\"elementor-container elementor-column-gap-default\">\n\t\t\t\t\t<div class=\"elementor-column elementor-col-100 elementor-top-column elementor-element elementor-element-7b0cfb0\" data-id=\"7b0cfb0\" data-element_type=\"column\">\n\t\t\t<div class=\"elementor-widget-wrap elementor-element-populated\">\n\t\t\t\t\t\t<div class=\"elementor-element elementor-element-15c984c new-text-max-width elementor-widget elementor-widget-text-editor\" data-id=\"15c984c\" data-element_type=\"widget\" data-widget_type=\"text-editor.default\">\n\t\t\t\t<div class=\"elementor-widget-container\">\n\t\t\t\t\t\t\t\t\t<div><h2><strong><span style=\"color: #008000;\">Nabory na sezon 2025\/2026<\/span><\/strong><\/h2><p>Nasze treningi prowadz\u0105 <strong>licencjonowani trenerzy<\/strong> z do\u015bwiadczeniem w pracy z dzie\u0107mi. To pasjonaci pi\u0142ki no\u017cnej, kt\u00f3rzy potrafi\u0105 po\u0142\u0105czy\u0107 profesjonalizm ze \u015bwietn\u0105 atmosfer\u0105. Trenujemy na <a href=\"https:\/\/apdeyna.pl\/en\/lokalizacje\/\"><strong>nowoczesnych boiskach w kilku lokalizacjach<\/strong><\/a>. Zaj\u0119cia dostosowane s\u0105 do wieku i poziomu zaawansowania dzieci. Zapraszamy dzieci w wieku <strong>od 5 do 15 lat<\/strong>. Grupy tworzymy wed\u0142ug wieku i poziomu umiej\u0119tno\u015bci, aby ka\u017cde dziecko mog\u0142o trenowa\u0107 w odpowiednim dla siebie tempie. Miesi\u0119czna sk\u0142adka wynosi <strong>300 z\u0142<\/strong>. Wpisowe dla nowych cz\u0142onk\u00f3w wynosi <strong>od 199 do 600 z\u0142<\/strong> (cena zale\u017cna od ilo\u015bci i typu stroju jakie otrzymuje dziecko). Ka\u017cde dziecko mo\u017ce wzi\u0105\u0107 udzia\u0142 w <strong>bezp\u0142atnym treningu pr\u00f3bnym<\/strong>, aby przekona\u0107 si\u0119, czy pi\u0142ka no\u017cna to jego pasja. Z darmowego treningu mo\u017cna skorzysta\u0107 od po\u0142owy sierpnia do ko\u0144ca wrze\u015bnia. Stawiamy na <strong>fair play, wsp\u00f3\u0142prac\u0119 i rado\u015b\u0107 z gry<\/strong>. Naszym celem jest nie tylko rozw\u00f3j sportowy, ale te\u017c budowanie pewno\u015bci siebie, przyja\u017ani i pasji do aktywno\u015bci fizycznej. Poza samymi treningami regularnie bierzemy udzia\u0142 w sparingach, turniejach i wydarzeniach pi\u0142karskich. Dzi\u0119ki temu dzieci ucz\u0105 si\u0119 wsp\u00f3\u0142pracy w dru\u017cynie i ciesz\u0105 si\u0119 prawdziw\u0105 pi\u0142karsk\u0105 rywalizacj\u0105. W trakcie wakacji letnich organizujemy r\u00f3wnie\u017c obozy.<\/p><p>Aby zapisa\u0107 dziecko nale\u017cy <a href=\"https:\/\/apdeyny.protrainup.com\/pl\/forms\/888?signature=cde1173bf3da318dd5b14c331728b8ed23711f19e0104a590e45de148990abf2\" target=\"_blank\" rel=\"noopener\"><strong>wype\u0142ni\u0107<\/strong> <strong>formularz<\/strong><\/a> oraz wype\u0142ni\u0107 deklaracj\u0119 cz\u0142onkowsk\u0105.<\/p><\/div>\t\t\t\t\t\t\t\t<\/div>\n\t\t\t\t<\/div>\n\t\t\t\t\t<\/div>\n\t\t<\/div>\n\t\t\t\t\t<\/div>\n\t\t<\/section>\n\t\t\t\t<section class=\"elementor-section elementor-top-section elementor-element elementor-element-b1b0032 elementor-section-boxed elementor-section-height-default elementor-section-height-default\" data-id=\"b1b0032\" data-element_type=\"section\">\n\t\t\t\t\t\t<div class=\"elementor-container elementor-column-gap-default\">\n\t\t\t\t\t<div class=\"elementor-column elementor-col-100 elementor-top-column elementor-element elementor-element-5a50d25\" data-id=\"5a50d25\" data-element_type=\"column\">\n\t\t\t<div class=\"elementor-widget-wrap elementor-element-populated\">\n\t\t\t\t\t\t<section class=\"elementor-section elementor-inner-section elementor-element elementor-element-5fd656f elementor-section-boxed elementor-section-height-default elementor-section-height-default\" data-id=\"5fd656f\" data-element_type=\"section\">\n\t\t\t\t\t\t<div class=\"elementor-container elementor-column-gap-default\">\n\t\t\t\t\t<div class=\"elementor-column elementor-col-33 elementor-inner-column elementor-element elementor-element-548e108\" data-id=\"548e108\" data-element_type=\"column\">\n\t\t\t<div class=\"elementor-widget-wrap elementor-element-populated\">\n\t\t\t\t\t\t<div class=\"elementor-element elementor-element-70bef4a elementor-widget elementor-widget-image\" data-id=\"70bef4a\" data-element_type=\"widget\" data-widget_type=\"image.default\">\n\t\t\t\t<div class=\"elementor-widget-container\">\n\t\t\t\t\t\t\t\t\t\t\t\t\t\t\t\t<a href=\"https:\/\/apdeyna.pl\/en\/lokalizacje\/targowek\/\">\n\t\t\t\t\t\t\t<img fetchpriority=\"high\" decoding=\"async\" width=\"800\" height=\"800\" src=\"https:\/\/apdeyna.pl\/wp-content\/uploads\/2025\/08\/1-1.jpg\" class=\"attachment-large size-large wp-image-2977\" alt=\"\" srcset=\"https:\/\/apdeyna.pl\/wp-content\/uploads\/2025\/08\/1-1.jpg 828w, https:\/\/apdeyna.pl\/wp-content\/uploads\/2025\/08\/1-1-300x300.jpg 300w, https:\/\/apdeyna.pl\/wp-content\/uploads\/2025\/08\/1-1-150x150.jpg 150w, https:\/\/apdeyna.pl\/wp-content\/uploads\/2025\/08\/1-1-768x768.jpg 768w, https:\/\/apdeyna.pl\/wp-content\/uploads\/2025\/08\/1-1-12x12.jpg 12w\" sizes=\"(max-width: 800px) 100vw, 800px\" \/>\t\t\t\t\t\t\t\t<\/a>\n\t\t\t\t\t\t\t\t\t\t\t\t\t\t\t<\/div>\n\t\t\t\t<\/div>\n\t\t\t\t\t<\/div>\n\t\t<\/div>\n\t\t\t\t<div class=\"elementor-column elementor-col-33 elementor-inner-column elementor-element elementor-element-e8ab069\" data-id=\"e8ab069\" data-element_type=\"column\">\n\t\t\t<div class=\"elementor-widget-wrap elementor-element-populated\">\n\t\t\t\t\t\t<div class=\"elementor-element elementor-element-ad2a3dc elementor-widget elementor-widget-image\" data-id=\"ad2a3dc\" data-element_type=\"widget\" data-widget_type=\"image.default\">\n\t\t\t\t<div class=\"elementor-widget-container\">\n\t\t\t\t\t\t\t\t\t\t\t\t\t\t\t\t<a href=\"https:\/\/apdeyna.pl\/en\/lokalizacje\/goclaw\/\">\n\t\t\t\t\t\t\t<img decoding=\"async\" width=\"800\" height=\"800\" src=\"https:\/\/apdeyna.pl\/wp-content\/uploads\/2025\/08\/2-1.jpg\" class=\"attachment-large size-large wp-image-2978\" alt=\"\" srcset=\"https:\/\/apdeyna.pl\/wp-content\/uploads\/2025\/08\/2-1.jpg 828w, https:\/\/apdeyna.pl\/wp-content\/uploads\/2025\/08\/2-1-300x300.jpg 300w, https:\/\/apdeyna.pl\/wp-content\/uploads\/2025\/08\/2-1-150x150.jpg 150w, https:\/\/apdeyna.pl\/wp-content\/uploads\/2025\/08\/2-1-768x768.jpg 768w, https:\/\/apdeyna.pl\/wp-content\/uploads\/2025\/08\/2-1-12x12.jpg 12w\" sizes=\"(max-width: 800px) 100vw, 800px\" \/>\t\t\t\t\t\t\t\t<\/a>\n\t\t\t\t\t\t\t\t\t\t\t\t\t\t\t<\/div>\n\t\t\t\t<\/div>\n\t\t\t\t\t<\/div>\n\t\t<\/div>\n\t\t\t\t<div class=\"elementor-column elementor-col-33 elementor-inner-column elementor-element elementor-element-dfe29e7\" data-id=\"dfe29e7\" data-element_type=\"column\">\n\t\t\t<div class=\"elementor-widget-wrap elementor-element-populated\">\n\t\t\t\t\t\t<div class=\"elementor-element elementor-element-77f1a8f elementor-widget__width-initial elementor-widget elementor-widget-image\" data-id=\"77f1a8f\" data-element_type=\"widget\" data-widget_type=\"image.default\">\n\t\t\t\t<div class=\"elementor-widget-container\">\n\t\t\t\t\t\t\t\t\t\t\t\t\t\t\t\t<a href=\"https:\/\/apdeyna.pl\/en\/lokalizacje\/sluzew\/\">\n\t\t\t\t\t\t\t<img decoding=\"async\" width=\"800\" height=\"800\" src=\"https:\/\/apdeyna.pl\/wp-content\/uploads\/2025\/08\/6-1.jpg\" class=\"attachment-large size-large wp-image-2982\" alt=\"\" srcset=\"https:\/\/apdeyna.pl\/wp-content\/uploads\/2025\/08\/6-1.jpg 828w, https:\/\/apdeyna.pl\/wp-content\/uploads\/2025\/08\/6-1-300x300.jpg 300w, https:\/\/apdeyna.pl\/wp-content\/uploads\/2025\/08\/6-1-150x150.jpg 150w, https:\/\/apdeyna.pl\/wp-content\/uploads\/2025\/08\/6-1-768x768.jpg 768w, https:\/\/apdeyna.pl\/wp-content\/uploads\/2025\/08\/6-1-12x12.jpg 12w\" sizes=\"(max-width: 800px) 100vw, 800px\" \/>\t\t\t\t\t\t\t\t<\/a>\n\t\t\t\t\t\t\t\t\t\t\t\t\t\t\t<\/div>\n\t\t\t\t<\/div>\n\t\t\t\t\t<\/div>\n\t\t<\/div>\n\t\t\t\t\t<\/div>\n\t\t<\/section>\n\t\t\t\t<section class=\"elementor-section elementor-inner-section elementor-element elementor-element-82593f1 elementor-section-boxed elementor-section-height-default elementor-section-height-default\" data-id=\"82593f1\" data-element_type=\"section\">\n\t\t\t\t\t\t<div class=\"elementor-container elementor-column-gap-default\">\n\t\t\t\t\t<div class=\"elementor-column elementor-col-33 elementor-inner-column elementor-element elementor-element-fb8d0f8\" data-id=\"fb8d0f8\" data-element_type=\"column\">\n\t\t\t<div class=\"elementor-widget-wrap elementor-element-populated\">\n\t\t\t\t\t\t<div class=\"elementor-element elementor-element-ecf1a98 elementor-widget elementor-widget-image\" data-id=\"ecf1a98\" data-element_type=\"widget\" data-widget_type=\"image.default\">\n\t\t\t\t<div class=\"elementor-widget-container\">\n\t\t\t\t\t\t\t\t\t\t\t\t\t\t\t\t<a href=\"https:\/\/apdeyna.pl\/en\/lokalizacje\/sluzewiec\/\">\n\t\t\t\t\t\t\t<img loading=\"lazy\" decoding=\"async\" width=\"800\" height=\"800\" src=\"https:\/\/apdeyna.pl\/wp-content\/uploads\/2025\/08\/5-1.jpg\" class=\"attachment-large size-large wp-image-2981\" alt=\"\" srcset=\"https:\/\/apdeyna.pl\/wp-content\/uploads\/2025\/08\/5-1.jpg 828w, https:\/\/apdeyna.pl\/wp-content\/uploads\/2025\/08\/5-1-300x300.jpg 300w, https:\/\/apdeyna.pl\/wp-content\/uploads\/2025\/08\/5-1-150x150.jpg 150w, https:\/\/apdeyna.pl\/wp-content\/uploads\/2025\/08\/5-1-768x768.jpg 768w, https:\/\/apdeyna.pl\/wp-content\/uploads\/2025\/08\/5-1-12x12.jpg 12w\" sizes=\"(max-width: 800px) 100vw, 800px\" \/>\t\t\t\t\t\t\t\t<\/a>\n\t\t\t\t\t\t\t\t\t\t\t\t\t\t\t<\/div>\n\t\t\t\t<\/div>\n\t\t\t\t\t<\/div>\n\t\t<\/div>\n\t\t\t\t<div class=\"elementor-column elementor-col-33 elementor-inner-column elementor-element elementor-element-33aba1d\" data-id=\"33aba1d\" data-element_type=\"column\">\n\t\t\t<div class=\"elementor-widget-wrap elementor-element-populated\">\n\t\t\t\t\t\t<div class=\"elementor-element elementor-element-54723a2 elementor-widget elementor-widget-image\" data-id=\"54723a2\" data-element_type=\"widget\" data-widget_type=\"image.default\">\n\t\t\t\t<div class=\"elementor-widget-container\">\n\t\t\t\t\t\t\t\t\t\t\t\t\t\t\t\t<a href=\"https:\/\/apdeyna.pl\/en\/lokalizacje\/targowek-3\/\">\n\t\t\t\t\t\t\t<img loading=\"lazy\" decoding=\"async\" width=\"800\" height=\"800\" src=\"https:\/\/apdeyna.pl\/wp-content\/uploads\/2025\/08\/7-1.jpg\" class=\"attachment-large size-large wp-image-2983\" alt=\"\" srcset=\"https:\/\/apdeyna.pl\/wp-content\/uploads\/2025\/08\/7-1.jpg 828w, https:\/\/apdeyna.pl\/wp-content\/uploads\/2025\/08\/7-1-300x300.jpg 300w, https:\/\/apdeyna.pl\/wp-content\/uploads\/2025\/08\/7-1-150x150.jpg 150w, https:\/\/apdeyna.pl\/wp-content\/uploads\/2025\/08\/7-1-768x768.jpg 768w, https:\/\/apdeyna.pl\/wp-content\/uploads\/2025\/08\/7-1-12x12.jpg 12w\" sizes=\"(max-width: 800px) 100vw, 800px\" \/>\t\t\t\t\t\t\t\t<\/a>\n\t\t\t\t\t\t\t\t\t\t\t\t\t\t\t<\/div>\n\t\t\t\t<\/div>\n\t\t\t\t\t<\/div>\n\t\t<\/div>\n\t\t\t\t<div class=\"elementor-column elementor-col-33 elementor-inner-column elementor-element elementor-element-ee8f91a\" data-id=\"ee8f91a\" data-element_type=\"column\">\n\t\t\t<div class=\"elementor-widget-wrap\">\n\t\t\t\t\t\t\t<\/div>\n\t\t<\/div>\n\t\t\t\t\t<\/div>\n\t\t<\/section>\n\t\t\t\t\t<\/div>\n\t\t<\/div>\n\t\t\t\t\t<\/div>\n\t\t<\/section>\n\t\t\t\t<\/div>","protected":false},"excerpt":{"rendered":"<p>Nabory na sezon 2025\/2026 Nasze treningi prowadz\u0105 licencjonowani trenerzy z do\u015bwiadczeniem w pracy z dzie\u0107mi. To pasjonaci pi\u0142ki no\u017cnej, kt\u00f3rzy potrafi\u0105 po\u0142\u0105czy\u0107 profesjonalizm ze \u015bwietn\u0105 atmosfer\u0105. Trenujemy na nowoczesnych boiskach w kilku lokalizacjach. Zaj\u0119cia dostosowane s\u0105 do wieku i poziomu zaawansowania dzieci. Zapraszamy dzieci w wieku od 5 do 15 lat. Grupy tworzymy wed\u0142ug wieku [&hellip;]<\/p>\n","protected":false},"author":1,"featured_media":0,"parent":0,"menu_order":0,"comment_status":"closed","ping_status":"closed","template":"elementor_theme","meta":{"footnotes":""},"class_list":["post-72","page","type-page","status-publish","hentry"],"yoast_head":"<!-- This site is optimized with the Yoast SEO plugin v27.5 - https:\/\/yoast.com\/product\/yoast-seo-wordpress\/ -->\n<title>Lokalizacje - AP Deyna<\/title>\n<meta name=\"description\" content=\"\u26bd Szukasz miejsca do trenowania w Warszawie? Poznaj lokalizacje AP Deyna: Mokot\u00f3w, Praga Po\u0142udnie, Targ\u00f3wek i W\u0142ochy \u26bd\u26bd\" \/>\n<meta name=\"robots\" content=\"index, follow, max-snippet:-1, max-image-preview:large, max-video-preview:-1\" \/>\n<link rel=\"canonical\" href=\"https:\/\/apdeyna.pl\/en\/lokalizacje\/\" \/>\n<meta property=\"og:locale\" content=\"en_US\" \/>\n<meta property=\"og:type\" content=\"article\" \/>\n<meta property=\"og:title\" content=\"Lokalizacje - AP Deyna\" \/>\n<meta property=\"og:description\" content=\"\u26bd Szukasz miejsca do trenowania w Warszawie? Poznaj lokalizacje AP Deyna: Mokot\u00f3w, Praga Po\u0142udnie, Targ\u00f3wek i W\u0142ochy \u26bd\u26bd\" \/>\n<meta property=\"og:url\" content=\"https:\/\/apdeyna.pl\/en\/lokalizacje\/\" \/>\n<meta property=\"og:site_name\" content=\"AP Deyna\" \/>\n<meta property=\"article:publisher\" content=\"https:\/\/www.facebook.com\/apdeynapl\" \/>\n<meta property=\"article:modified_time\" content=\"2025-10-07T11:13:24+00:00\" \/>\n<meta property=\"og:image\" content=\"http:\/\/apdeyna.pl\/wp-content\/uploads\/2025\/08\/1-1.jpg\" \/>\n<meta name=\"twitter:card\" content=\"summary_large_image\" \/>\n<meta name=\"twitter:label1\" content=\"Est. reading time\" \/>\n\t<meta name=\"twitter:data1\" content=\"3 minutes\" \/>\n<script type=\"application\/ld+json\" class=\"yoast-schema-graph\">{\"@context\":\"https:\\\/\\\/schema.org\",\"@graph\":[{\"@type\":\"WebPage\",\"@id\":\"https:\\\/\\\/apdeyna.pl\\\/lokalizacje\\\/\",\"url\":\"https:\\\/\\\/apdeyna.pl\\\/lokalizacje\\\/\",\"name\":\"Lokalizacje - AP Deyna\",\"isPartOf\":{\"@id\":\"https:\\\/\\\/apdeyna.pl\\\/#website\"},\"primaryImageOfPage\":{\"@id\":\"https:\\\/\\\/apdeyna.pl\\\/lokalizacje\\\/#primaryimage\"},\"image\":{\"@id\":\"https:\\\/\\\/apdeyna.pl\\\/lokalizacje\\\/#primaryimage\"},\"thumbnailUrl\":\"http:\\\/\\\/apdeyna.pl\\\/wp-content\\\/uploads\\\/2025\\\/08\\\/1-1.jpg\",\"datePublished\":\"2022-01-03T10:50:43+00:00\",\"dateModified\":\"2025-10-07T11:13:24+00:00\",\"description\":\"\u26bd Szukasz miejsca do trenowania w Warszawie? Poznaj lokalizacje AP Deyna: Mokot\u00f3w, Praga Po\u0142udnie, Targ\u00f3wek i W\u0142ochy \u26bd\u26bd\",\"breadcrumb\":{\"@id\":\"https:\\\/\\\/apdeyna.pl\\\/lokalizacje\\\/#breadcrumb\"},\"inLanguage\":\"en-US\",\"potentialAction\":[{\"@type\":\"ReadAction\",\"target\":[\"https:\\\/\\\/apdeyna.pl\\\/lokalizacje\\\/\"]}]},{\"@type\":\"ImageObject\",\"inLanguage\":\"en-US\",\"@id\":\"https:\\\/\\\/apdeyna.pl\\\/lokalizacje\\\/#primaryimage\",\"url\":\"http:\\\/\\\/apdeyna.pl\\\/wp-content\\\/uploads\\\/2025\\\/08\\\/1-1.jpg\",\"contentUrl\":\"http:\\\/\\\/apdeyna.pl\\\/wp-content\\\/uploads\\\/2025\\\/08\\\/1-1.jpg\"},{\"@type\":\"BreadcrumbList\",\"@id\":\"https:\\\/\\\/apdeyna.pl\\\/lokalizacje\\\/#breadcrumb\",\"itemListElement\":[{\"@type\":\"ListItem\",\"position\":1,\"name\":\"Strona g\u0142\u00f3wna\",\"item\":\"https:\\\/\\\/apdeyna.pl\\\/\"},{\"@type\":\"ListItem\",\"position\":2,\"name\":\"Lokalizacje\"}]},{\"@type\":\"WebSite\",\"@id\":\"https:\\\/\\\/apdeyna.pl\\\/#website\",\"url\":\"https:\\\/\\\/apdeyna.pl\\\/\",\"name\":\"AP Deyna\",\"description\":\"AKADEMIA PI\u0141KARSKA IM. KAZIMIERZA DEYNY\",\"publisher\":{\"@id\":\"https:\\\/\\\/apdeyna.pl\\\/#organization\"},\"potentialAction\":[{\"@type\":\"SearchAction\",\"target\":{\"@type\":\"EntryPoint\",\"urlTemplate\":\"https:\\\/\\\/apdeyna.pl\\\/?s={search_term_string}\"},\"query-input\":{\"@type\":\"PropertyValueSpecification\",\"valueRequired\":true,\"valueName\":\"search_term_string\"}}],\"inLanguage\":\"en-US\"},{\"@type\":\"Organization\",\"@id\":\"https:\\\/\\\/apdeyna.pl\\\/#organization\",\"name\":\"AP Deyna\",\"url\":\"https:\\\/\\\/apdeyna.pl\\\/\",\"logo\":{\"@type\":\"ImageObject\",\"inLanguage\":\"en-US\",\"@id\":\"https:\\\/\\\/apdeyna.pl\\\/#\\\/schema\\\/logo\\\/image\\\/\",\"url\":\"https:\\\/\\\/apdeyna.pl\\\/wp-content\\\/uploads\\\/2023\\\/06\\\/cropped-favicon_apdeyna.png\",\"contentUrl\":\"https:\\\/\\\/apdeyna.pl\\\/wp-content\\\/uploads\\\/2023\\\/06\\\/cropped-favicon_apdeyna.png\",\"width\":512,\"height\":512,\"caption\":\"AP Deyna\"},\"image\":{\"@id\":\"https:\\\/\\\/apdeyna.pl\\\/#\\\/schema\\\/logo\\\/image\\\/\"},\"sameAs\":[\"https:\\\/\\\/www.facebook.com\\\/apdeynapl\",\"https:\\\/\\\/www.youtube.com\\\/@APDeyna\"]}]}<\/script>\n<!-- \/ Yoast SEO plugin. -->","yoast_head_json":{"title":"Lokalizacje - AP Deyna","description":"\u26bd Szukasz miejsca do trenowania w Warszawie? Poznaj lokalizacje AP Deyna: Mokot\u00f3w, Praga Po\u0142udnie, Targ\u00f3wek i W\u0142ochy \u26bd\u26bd","robots":{"index":"index","follow":"follow","max-snippet":"max-snippet:-1","max-image-preview":"max-image-preview:large","max-video-preview":"max-video-preview:-1"},"canonical":"https:\/\/apdeyna.pl\/en\/lokalizacje\/","og_locale":"en_US","og_type":"article","og_title":"Lokalizacje - AP Deyna","og_description":"\u26bd Szukasz miejsca do trenowania w Warszawie? Poznaj lokalizacje AP Deyna: Mokot\u00f3w, Praga Po\u0142udnie, Targ\u00f3wek i W\u0142ochy \u26bd\u26bd","og_url":"https:\/\/apdeyna.pl\/en\/lokalizacje\/","og_site_name":"AP Deyna","article_publisher":"https:\/\/www.facebook.com\/apdeynapl","article_modified_time":"2025-10-07T11:13:24+00:00","og_image":[{"url":"http:\/\/apdeyna.pl\/wp-content\/uploads\/2025\/08\/1-1.jpg","type":"","width":"","height":""}],"twitter_card":"summary_large_image","twitter_misc":{"Est. reading time":"3 minutes"},"schema":{"@context":"https:\/\/schema.org","@graph":[{"@type":"WebPage","@id":"https:\/\/apdeyna.pl\/lokalizacje\/","url":"https:\/\/apdeyna.pl\/lokalizacje\/","name":"Lokalizacje - AP Deyna","isPartOf":{"@id":"https:\/\/apdeyna.pl\/#website"},"primaryImageOfPage":{"@id":"https:\/\/apdeyna.pl\/lokalizacje\/#primaryimage"},"image":{"@id":"https:\/\/apdeyna.pl\/lokalizacje\/#primaryimage"},"thumbnailUrl":"http:\/\/apdeyna.pl\/wp-content\/uploads\/2025\/08\/1-1.jpg","datePublished":"2022-01-03T10:50:43+00:00","dateModified":"2025-10-07T11:13:24+00:00","description":"\u26bd Szukasz miejsca do trenowania w Warszawie? Poznaj lokalizacje AP Deyna: Mokot\u00f3w, Praga Po\u0142udnie, Targ\u00f3wek i W\u0142ochy \u26bd\u26bd","breadcrumb":{"@id":"https:\/\/apdeyna.pl\/lokalizacje\/#breadcrumb"},"inLanguage":"en-US","potentialAction":[{"@type":"ReadAction","target":["https:\/\/apdeyna.pl\/lokalizacje\/"]}]},{"@type":"ImageObject","inLanguage":"en-US","@id":"https:\/\/apdeyna.pl\/lokalizacje\/#primaryimage","url":"http:\/\/apdeyna.pl\/wp-content\/uploads\/2025\/08\/1-1.jpg","contentUrl":"http:\/\/apdeyna.pl\/wp-content\/uploads\/2025\/08\/1-1.jpg"},{"@type":"BreadcrumbList","@id":"https:\/\/apdeyna.pl\/lokalizacje\/#breadcrumb","itemListElement":[{"@type":"ListItem","position":1,"name":"Strona g\u0142\u00f3wna","item":"https:\/\/apdeyna.pl\/"},{"@type":"ListItem","position":2,"name":"Lokalizacje"}]},{"@type":"WebSite","@id":"https:\/\/apdeyna.pl\/#website","url":"https:\/\/apdeyna.pl\/","name":"AP Deyna","description":"AKADEMIA PI\u0141KARSKA IM. KAZIMIERZA DEYNY","publisher":{"@id":"https:\/\/apdeyna.pl\/#organization"},"potentialAction":[{"@type":"SearchAction","target":{"@type":"EntryPoint","urlTemplate":"https:\/\/apdeyna.pl\/?s={search_term_string}"},"query-input":{"@type":"PropertyValueSpecification","valueRequired":true,"valueName":"search_term_string"}}],"inLanguage":"en-US"},{"@type":"Organization","@id":"https:\/\/apdeyna.pl\/#organization","name":"AP Deyna","url":"https:\/\/apdeyna.pl\/","logo":{"@type":"ImageObject","inLanguage":"en-US","@id":"https:\/\/apdeyna.pl\/#\/schema\/logo\/image\/","url":"https:\/\/apdeyna.pl\/wp-content\/uploads\/2023\/06\/cropped-favicon_apdeyna.png","contentUrl":"https:\/\/apdeyna.pl\/wp-content\/uploads\/2023\/06\/cropped-favicon_apdeyna.png","width":512,"height":512,"caption":"AP Deyna"},"image":{"@id":"https:\/\/apdeyna.pl\/#\/schema\/logo\/image\/"},"sameAs":["https:\/\/www.facebook.com\/apdeynapl","https:\/\/www.youtube.com\/@APDeyna"]}]}},"_links":{"self":[{"href":"https:\/\/apdeyna.pl\/en\/wp-json\/wp\/v2\/pages\/72","targetHints":{"allow":["GET"]}}],"collection":[{"href":"https:\/\/apdeyna.pl\/en\/wp-json\/wp\/v2\/pages"}],"about":[{"href":"https:\/\/apdeyna.pl\/en\/wp-json\/wp\/v2\/types\/page"}],"author":[{"embeddable":true,"href":"https:\/\/apdeyna.pl\/en\/wp-json\/wp\/v2\/users\/1"}],"replies":[{"embeddable":true,"href":"https:\/\/apdeyna.pl\/en\/wp-json\/wp\/v2\/comments?post=72"}],"version-history":[{"count":73,"href":"https:\/\/apdeyna.pl\/en\/wp-json\/wp\/v2\/pages\/72\/revisions"}],"predecessor-version":[{"id":3285,"href":"https:\/\/apdeyna.pl\/en\/wp-json\/wp\/v2\/pages\/72\/revisions\/3285"}],"wp:attachment":[{"href":"https:\/\/apdeyna.pl\/en\/wp-json\/wp\/v2\/media?parent=72"}],"curies":[{"name":"wp","href":"https:\/\/api.w.org\/{rel}","templated":true}]}}